{"id":2500,"date":"2020-12-14T14:42:14","date_gmt":"2020-12-14T13:42:14","guid":{"rendered":"https:\/\/recetas.kuken.es\/?post_type=cp_recipe&#038;p=2500"},"modified":"2023-07-04T12:57:13","modified_gmt":"2023-07-04T10:57:13","slug":"creme-aus-gemuse-und-huhn","status":"publish","type":"cp_recipe","link":"https:\/\/recetas.kuken.es\/de\/rezept\/creme-aus-gemuse-und-huhn\/","title":{"rendered":"Gem\u00fcse- und H\u00fchnercremesuppe"},"content":{"rendered":"<h2>Beim Servieren k\u00f6nnen wir die Creme mit ein paar Brotcroutons, einem Spritzer Oliven\u00f6l und frisch gemahlenem Pfeffer darauf servieren.<\/p>\n<p>F\u00fcr die Zubereitung der Br\u00fche k\u00f6nnen wir fertiges Gem\u00fcse verwenden, das in den Gesch\u00e4ften verkauft wird, oder wenn wir es vorziehen, k\u00f6nnen wir das Gem\u00fcse nach unserem Geschmack ausw\u00e4hlen (Karotte, Kartoffel, Lauch, R\u00fcben, Sellerie, Kohl usw.).<\/h2>\n<h3>Inhaltsstoffe<\/h3>\n<div class=\"cooked-recipe-ingredients\">\n<div class=\"cooked-single-ingredient cooked-ingredient cooked-ing-no-checkbox\"><span class=\"cooked-ing-amount\" data-decimal=\"500\">500<\/span> <span class=\"cooked-ing-measurement\">grs<\/span> <span class=\"cooked-ing-name\">von Gem\u00fcse f\u00fcr Br\u00fche<\/span><\/div>\n<div class=\"cooked-single-ingredient cooked-ingredient cooked-ing-no-checkbox\"><span class=\"cooked-ing-amount\" data-decimal=\"300\">300<\/span> <span class=\"cooked-ing-measurement\">grs<\/span> <span class=\"cooked-ing-name\">von H\u00fchnerfleisch<\/span><\/div>\n<div class=\"cooked-single-ingredient cooked-ingredient cooked-ing-no-checkbox\"><span class=\"cooked-ing-amount\" data-decimal=\"150\">150<\/span> <span class=\"cooked-ing-measurement\">grs<\/span> <span class=\"cooked-ing-name\">Zwiebel<\/span><\/div>\n<div class=\"cooked-single-ingredient cooked-ingredient cooked-ing-no-checkbox\"><span class=\"cooked-ing-amount\" data-decimal=\"200\">200<\/span> <span class=\"cooked-ing-measurement\">ml<\/span> <span class=\"cooked-ing-name\">von Kondensmilch<\/span><\/div>\n<div class=\"cooked-single-ingredient cooked-ingredient cooked-ing-no-checkbox\"><span class=\"cooked-ing-amount\" data-decimal=\"50\">50<\/span> <span class=\"cooked-ing-measurement\">ml<\/span> <span class=\"cooked-ing-name\">von Oliven\u00f6l <\/span><\/div>\n<div class=\"cooked-single-ingredient cooked-ingredient cooked-ing-no-checkbox\"><span class=\"cooked-ing-name\">Salz<\/span><\/div>\n<div class=\"cooked-single-ingredient cooked-ingredient cooked-ing-no-checkbox\"><span class=\"cooked-ing-name\">Pfeffer<\/span><\/div>\n<div class=\"cooked-single-ingredient cooked-heading\">K\u00fcken Zubeh\u00f6r <\/div>\n<div class=\"cooked-single-ingredient cooked-ingredient cooked-ing-no-checkbox\"><span class=\"cooked-ing-name\">Zubeh\u00f6r Klinge<\/span><\/div>\n<div class=\"cooked-single-ingredient cooked-ingredient cooked-ing-no-checkbox\"><span class=\"cooked-ing-name\">Zubeh\u00f6r-Entferner<\/span><\/div>\n<div class=\"cooked-single-ingredient cooked-ingredient cooked-ing-no-checkbox\"><span class=\"cooked-ing-name\">Spatel<\/span><\/div>\n<\/div>\n<h3>Anweisungen<\/h3>\n<div class=\"cooked-recipe-directions\">\n<div class=\"cooked-single-direction cooked-heading\">Ausarbeitung<\/div>\n<div class=\"cooked-single-direction cooked-direction\" data-step=\"Paso 1\">\n<div class=\"cooked-dir-content\">\n<p>Wir montieren das Messerzubeh\u00f6r an unseren K\u00fcken-Roboter.<\/p>\n<\/div>\n<\/div>\n<div class=\"cooked-single-direction cooked-direction\" data-step=\"Paso 2\">\n<div class=\"cooked-dir-content\">\n<p>F\u00fcgen Sie die gesch\u00e4lte und gehackte Zwiebel hinzu.<\/p>\n<\/div>\n<\/div>\n<div class=\"cooked-single-direction cooked-direction\" data-step=\"Paso 3\">\n<div class=\"cooked-dir-content\">\n<p>Hacken Sie 30 Sekunden mit Geschwindigkeit 4.<\/p>\n<\/div>\n<\/div>\n<div class=\"cooked-single-direction cooked-direction\" data-step=\"Paso 4\">\n<div class=\"cooked-dir-content\">\n<p>Nehmen Sie den Deckel ab und schieben Sie mit Hilfe des Spatels die Reste, die eventuell an der Wand des Glases geblieben sind, nach unten.<\/p>\n<\/div>\n<\/div>\n<div class=\"cooked-single-direction cooked-direction\" data-step=\"Paso 5\">\n<div class=\"cooked-dir-content\">\n<p>Wir ersetzen das Zubeh\u00f6r f\u00fcr die Klinge durch das Zubeh\u00f6r f\u00fcr den Entferner.<\/p>\n<\/div>\n<\/div>\n<div class=\"cooked-single-direction cooked-direction\" data-step=\"Paso 6\">\n<div class=\"cooked-dir-content\">\n<p>50 ml Oliven\u00f6l hinzuf\u00fcgen und abschmecken.<\/p>\n<\/div>\n<\/div>\n<div class=\"cooked-single-direction cooked-direction\" data-step=\"Paso 7\">\n<div class=\"cooked-dir-content\">\n<p>Kochen Sie 7 Minuten lang bei 120\u00baC und Geschwindigkeit 1.<\/p>\n<\/div>\n<\/div>\n<div class=\"cooked-single-direction cooked-direction\" data-step=\"Paso 8\">\n<div class=\"cooked-dir-content\">\n<p>F\u00fcgen Sie das Gem\u00fcse und das H\u00fchnerfleisch aus der Br\u00fche hinzu, alles zerkleinert.<\/p>\n<\/div>\n<\/div>\n<div class=\"cooked-single-direction cooked-direction\" data-step=\"Paso 9\">\n<div class=\"cooked-dir-content\">\n<p>Kochen Sie 7 Minuten lang bei 120\u00baC und Geschwindigkeit 1.<\/p>\n<\/div>\n<\/div>\n<div class=\"cooked-single-direction cooked-direction\" data-step=\"Paso 10\">\n<div class=\"cooked-dir-content\">\n<p>F\u00fcgen Sie 1,2 Liter Br\u00fche hinzu.<\/p>\n<\/div>\n<\/div>\n<div class=\"cooked-single-direction cooked-direction\" data-step=\"Paso 11\">\n<div class=\"cooked-dir-content\">\n<p>Garen Sie 6 Minuten lang bei 120\u00baC und Geschwindigkeit 1.<\/p>\n<\/div>\n<\/div>\n<div class=\"cooked-single-direction cooked-direction\" data-step=\"Paso 12\">\n<div class=\"cooked-dir-content\">\n<p>Wir ersetzen das Entferner-Zubeh\u00f6r durch das Messer-Zubeh\u00f6r.<\/p>\n<\/div>\n<\/div>\n<div class=\"cooked-single-direction cooked-direction\" data-step=\"Paso 13\">\n<div class=\"cooked-dir-content\">\n<p>F\u00fcgen Sie 200 g evaporierte Milch hinzu.<\/p>\n<\/div>\n<\/div>\n<div class=\"cooked-single-direction cooked-direction\" data-step=\"Paso 14\">\n<div class=\"cooked-dir-content\">\n<p>Blenden Sie 2 Minuten lang mit Stufe 10.<\/p>\n<\/div>\n<\/div>\n<div class=\"cooked-single-direction cooked-direction\" data-step=\"Paso 15\">\n<div class=\"cooked-dir-content\">\n<p>Schmecken Sie die Sahne ab und passen Sie ggf. Salz und Pfeffer an.<\/p>\n<\/div>\n<\/div>\n<\/div>","protected":false},"author":7,"featured_media":2510,"comment_status":"open","ping_status":"closed","template":"","recipe_category":[194],"class_list":["post-2500","cp_recipe","type-cp_recipe","status-publish","has-post-thumbnail","hentry","cp_recipe_category-primeros"],"yoast_head":"<!-- This site is optimized with the Yoast SEO Premium plugin v24.0 (Yoast SEO v25.3.1) - https:\/\/yoast.com\/wordpress\/plugins\/seo\/ -->\n<title>Crema de verduras y pollo - Recetas K\u00fcken<\/title>\n<meta name=\"description\" content=\"Receta de crema de verduras y pollo. Descubre como prepararla paso a paso con el robot de cocina K\u00fcken TOUCH 9000.\" \/>\n<meta name=\"robots\" content=\"index, follow, max-snippet:-1, max-image-preview:large, max-video-preview:-1\" \/>\n<link rel=\"canonical\" href=\"https:\/\/recetas.kuken.es\/de\/rezept\/creme-aus-gemuse-und-huhn\/\" \/>\n<meta property=\"og:locale\" content=\"de_DE\" \/>\n<meta property=\"og:type\" content=\"article\" \/>\n<meta property=\"og:title\" content=\"Crema de verduras y pollo\" \/>\n<meta property=\"og:description\" content=\"Receta de crema de verduras y pollo. Descubre como prepararla paso a paso con el robot de cocina K\u00fcken TOUCH 9000.\" \/>\n<meta property=\"og:url\" content=\"https:\/\/recetas.kuken.es\/de\/rezept\/creme-aus-gemuse-und-huhn\/\" \/>\n<meta property=\"og:site_name\" content=\"Recetas K\u00fcken\" \/>\n<meta property=\"article:modified_time\" content=\"2023-07-04T10:57:13+00:00\" \/>\n<meta property=\"og:image\" content=\"https:\/\/recetas.kuken.es\/wp-content\/uploads\/2020\/12\/crema-de-verduras-con-pollo.jpg\" \/>\n\t<meta property=\"og:image:width\" content=\"480\" \/>\n\t<meta property=\"og:image:height\" content=\"658\" \/>\n\t<meta property=\"og:image:type\" content=\"image\/jpeg\" \/>\n<meta name=\"twitter:card\" content=\"summary_large_image\" \/>\n<meta name=\"twitter:label1\" content=\"Gesch\u00e4tzte Lesezeit\" \/>\n\t<meta name=\"twitter:data1\" content=\"2\u00a0Minuten\" \/>\n<script type=\"application\/ld+json\" class=\"yoast-schema-graph\">{\"@context\":\"https:\/\/schema.org\",\"@graph\":[{\"@type\":\"WebPage\",\"@id\":\"https:\/\/recetas.kuken.es\/receta\/crema-de-verduras-y-pollo\/\",\"url\":\"https:\/\/recetas.kuken.es\/receta\/crema-de-verduras-y-pollo\/\",\"name\":\"Crema de verduras y pollo - Recetas K\u00fcken\",\"isPartOf\":{\"@id\":\"https:\/\/recetas.kuken.es\/fr\/#website\"},\"primaryImageOfPage\":{\"@id\":\"https:\/\/recetas.kuken.es\/receta\/crema-de-verduras-y-pollo\/#primaryimage\"},\"image\":{\"@id\":\"https:\/\/recetas.kuken.es\/receta\/crema-de-verduras-y-pollo\/#primaryimage\"},\"thumbnailUrl\":\"https:\/\/recetas.kuken.es\/wp-content\/uploads\/2020\/12\/crema-de-verduras-con-pollo.jpg\",\"datePublished\":\"2020-12-14T13:42:14+00:00\",\"dateModified\":\"2023-07-04T10:57:13+00:00\",\"description\":\"Receta de crema de verduras y pollo. Descubre como prepararla paso a paso con el robot de cocina K\u00fcken TOUCH 9000.\",\"breadcrumb\":{\"@id\":\"https:\/\/recetas.kuken.es\/receta\/crema-de-verduras-y-pollo\/#breadcrumb\"},\"inLanguage\":\"de\",\"potentialAction\":[{\"@type\":\"ReadAction\",\"target\":[\"https:\/\/recetas.kuken.es\/receta\/crema-de-verduras-y-pollo\/\"]}]},{\"@type\":\"ImageObject\",\"inLanguage\":\"de\",\"@id\":\"https:\/\/recetas.kuken.es\/receta\/crema-de-verduras-y-pollo\/#primaryimage\",\"url\":\"https:\/\/recetas.kuken.es\/wp-content\/uploads\/2020\/12\/crema-de-verduras-con-pollo.jpg\",\"contentUrl\":\"https:\/\/recetas.kuken.es\/wp-content\/uploads\/2020\/12\/crema-de-verduras-con-pollo.jpg\",\"width\":480,\"height\":658,\"caption\":\"Crema ligera de verduras y pollo\"},{\"@type\":\"BreadcrumbList\",\"@id\":\"https:\/\/recetas.kuken.es\/receta\/crema-de-verduras-y-pollo\/#breadcrumb\",\"itemListElement\":[{\"@type\":\"ListItem\",\"position\":1,\"name\":\"Recepten\",\"item\":\"https:\/\/recetas.kuken.es\/nl\/receptarchief\/\"},{\"@type\":\"ListItem\",\"position\":2,\"name\":\"Crema de verduras y pollo\"}]},{\"@type\":\"WebSite\",\"@id\":\"https:\/\/recetas.kuken.es\/fr\/#website\",\"url\":\"https:\/\/recetas.kuken.es\/fr\/\",\"name\":\"Recetas K\u00fcken\",\"description\":\"Amplia variedad de recetas para tu robot de cocina\",\"publisher\":{\"@id\":\"https:\/\/recetas.kuken.es\/fr\/#organization\"},\"potentialAction\":[{\"@type\":\"SearchAction\",\"target\":{\"@type\":\"EntryPoint\",\"urlTemplate\":\"https:\/\/recetas.kuken.es\/fr\/?s={search_term_string}\"},\"query-input\":{\"@type\":\"PropertyValueSpecification\",\"valueRequired\":true,\"valueName\":\"search_term_string\"}}],\"inLanguage\":\"de\"},{\"@type\":\"Organization\",\"@id\":\"https:\/\/recetas.kuken.es\/fr\/#organization\",\"name\":\"Alfa Dyser\",\"url\":\"https:\/\/recetas.kuken.es\/fr\/\",\"logo\":{\"@type\":\"ImageObject\",\"inLanguage\":\"de\",\"@id\":\"https:\/\/recetas.kuken.es\/fr\/#\/schema\/logo\/image\/\",\"url\":\"https:\/\/recetas.kuken.es\/wp-content\/uploads\/2020\/11\/cropped-kuken-1.png\",\"contentUrl\":\"https:\/\/recetas.kuken.es\/wp-content\/uploads\/2020\/11\/cropped-kuken-1.png\",\"width\":377,\"height\":94,\"caption\":\"Alfa Dyser\"},\"image\":{\"@id\":\"https:\/\/recetas.kuken.es\/fr\/#\/schema\/logo\/image\/\"}}]}<\/script>\n<!-- \/ Yoast SEO Premium plugin. -->","yoast_head_json":{"title":"Crema de verduras y pollo - Recetas K\u00fcken","description":"Receta de crema de verduras y pollo. Descubre como prepararla paso a paso con el robot de cocina K\u00fcken TOUCH 9000.","robots":{"index":"index","follow":"follow","max-snippet":"max-snippet:-1","max-image-preview":"max-image-preview:large","max-video-preview":"max-video-preview:-1"},"canonical":"https:\/\/recetas.kuken.es\/de\/rezept\/creme-aus-gemuse-und-huhn\/","og_locale":"de_DE","og_type":"article","og_title":"Crema de verduras y pollo","og_description":"Receta de crema de verduras y pollo. Descubre como prepararla paso a paso con el robot de cocina K\u00fcken TOUCH 9000.","og_url":"https:\/\/recetas.kuken.es\/de\/rezept\/creme-aus-gemuse-und-huhn\/","og_site_name":"Recetas K\u00fcken","article_modified_time":"2023-07-04T10:57:13+00:00","og_image":[{"width":480,"height":658,"url":"https:\/\/recetas.kuken.es\/wp-content\/uploads\/2020\/12\/crema-de-verduras-con-pollo.jpg","type":"image\/jpeg"}],"twitter_card":"summary_large_image","twitter_misc":{"Gesch\u00e4tzte Lesezeit":"2\u00a0Minuten"},"schema":{"@context":"https:\/\/schema.org","@graph":[{"@type":"WebPage","@id":"https:\/\/recetas.kuken.es\/receta\/crema-de-verduras-y-pollo\/","url":"https:\/\/recetas.kuken.es\/receta\/crema-de-verduras-y-pollo\/","name":"Crema de verduras y pollo - Recetas K\u00fcken","isPartOf":{"@id":"https:\/\/recetas.kuken.es\/fr\/#website"},"primaryImageOfPage":{"@id":"https:\/\/recetas.kuken.es\/receta\/crema-de-verduras-y-pollo\/#primaryimage"},"image":{"@id":"https:\/\/recetas.kuken.es\/receta\/crema-de-verduras-y-pollo\/#primaryimage"},"thumbnailUrl":"https:\/\/recetas.kuken.es\/wp-content\/uploads\/2020\/12\/crema-de-verduras-con-pollo.jpg","datePublished":"2020-12-14T13:42:14+00:00","dateModified":"2023-07-04T10:57:13+00:00","description":"Receta de crema de verduras y pollo. Descubre como prepararla paso a paso con el robot de cocina K\u00fcken TOUCH 9000.","breadcrumb":{"@id":"https:\/\/recetas.kuken.es\/receta\/crema-de-verduras-y-pollo\/#breadcrumb"},"inLanguage":"de","potentialAction":[{"@type":"ReadAction","target":["https:\/\/recetas.kuken.es\/receta\/crema-de-verduras-y-pollo\/"]}]},{"@type":"ImageObject","inLanguage":"de","@id":"https:\/\/recetas.kuken.es\/receta\/crema-de-verduras-y-pollo\/#primaryimage","url":"https:\/\/recetas.kuken.es\/wp-content\/uploads\/2020\/12\/crema-de-verduras-con-pollo.jpg","contentUrl":"https:\/\/recetas.kuken.es\/wp-content\/uploads\/2020\/12\/crema-de-verduras-con-pollo.jpg","width":480,"height":658,"caption":"Crema ligera de verduras y pollo"},{"@type":"BreadcrumbList","@id":"https:\/\/recetas.kuken.es\/receta\/crema-de-verduras-y-pollo\/#breadcrumb","itemListElement":[{"@type":"ListItem","position":1,"name":"Recepten","item":"https:\/\/recetas.kuken.es\/nl\/receptarchief\/"},{"@type":"ListItem","position":2,"name":"Crema de verduras y pollo"}]},{"@type":"WebSite","@id":"https:\/\/recetas.kuken.es\/fr\/#website","url":"https:\/\/recetas.kuken.es\/fr\/","name":"Recetas K\u00fcken","description":"Amplia variedad de recetas para tu robot de cocina","publisher":{"@id":"https:\/\/recetas.kuken.es\/fr\/#organization"},"potentialAction":[{"@type":"SearchAction","target":{"@type":"EntryPoint","urlTemplate":"https:\/\/recetas.kuken.es\/fr\/?s={search_term_string}"},"query-input":{"@type":"PropertyValueSpecification","valueRequired":true,"valueName":"search_term_string"}}],"inLanguage":"de"},{"@type":"Organization","@id":"https:\/\/recetas.kuken.es\/fr\/#organization","name":"Alfa Dyser","url":"https:\/\/recetas.kuken.es\/fr\/","logo":{"@type":"ImageObject","inLanguage":"de","@id":"https:\/\/recetas.kuken.es\/fr\/#\/schema\/logo\/image\/","url":"https:\/\/recetas.kuken.es\/wp-content\/uploads\/2020\/11\/cropped-kuken-1.png","contentUrl":"https:\/\/recetas.kuken.es\/wp-content\/uploads\/2020\/11\/cropped-kuken-1.png","width":377,"height":94,"caption":"Alfa Dyser"},"image":{"@id":"https:\/\/recetas.kuken.es\/fr\/#\/schema\/logo\/image\/"}}]}},"_links":{"self":[{"href":"https:\/\/recetas.kuken.es\/de\/wp-json\/wp\/v2\/cooked_recipe\/2500","targetHints":{"allow":["GET"]}}],"collection":[{"href":"https:\/\/recetas.kuken.es\/de\/wp-json\/wp\/v2\/cooked_recipe"}],"about":[{"href":"https:\/\/recetas.kuken.es\/de\/wp-json\/wp\/v2\/types\/cp_recipe"}],"author":[{"embeddable":true,"href":"https:\/\/recetas.kuken.es\/de\/wp-json\/wp\/v2\/users\/7"}],"replies":[{"embeddable":true,"href":"https:\/\/recetas.kuken.es\/de\/wp-json\/wp\/v2\/comments?post=2500"}],"wp:featuredmedia":[{"embeddable":true,"href":"https:\/\/recetas.kuken.es\/de\/wp-json\/wp\/v2\/media\/2510"}],"wp:attachment":[{"href":"https:\/\/recetas.kuken.es\/de\/wp-json\/wp\/v2\/media?parent=2500"}],"wp:term":[{"taxonomy":"cp_recipe_category","embeddable":true,"href":"https:\/\/recetas.kuken.es\/de\/wp-json\/wp\/v2\/recipe_category?post=2500"}],"curies":[{"name":"wp","href":"https:\/\/api.w.org\/{rel}","templated":true}]}}