{"id":2782,"date":"2021-01-22T12:22:55","date_gmt":"2021-01-22T11:22:55","guid":{"rendered":"https:\/\/recetas.kuken.es\/?post_type=cp_recipe&#038;p=2782"},"modified":"2023-06-30T13:20:29","modified_gmt":"2023-06-30T11:20:29","slug":"brokkoli-apfel-sahne-rezept","status":"publish","type":"cp_recipe","link":"https:\/\/recetas.kuken.es\/de\/rezept\/brokkoli-apfel-sahne-rezept\/","title":{"rendered":"Brokkoli und Apfelcreme"},"content":{"rendered":"<h2>Wenn es an der Zeit ist, unsere Creme zu pr\u00e4sentieren, k\u00f6nnen wir sie mit einigen Scheiben gr\u00fcnen Apfels oben drauf machen, der Kontrast ist sehr sch\u00f6n.<br \/>\nBei dieser Art von Rezepten, bei denen wir mehrere der Zubeh\u00f6rteile w\u00e4hrend des Kochvorgangs verwenden m\u00fcssen, m\u00fcssen wir darauf achten, dass wir uns beim Umgang mit ihnen nicht schneiden oder verbrennen. <\/h2>\n<h3>Inhaltsstoffe<\/h3>\n<div class=\"cooked-recipe-ingredients\">\n<div class=\"cooked-single-ingredient cooked-ingredient cooked-ing-no-checkbox\"><span class=\"cooked-ing-amount\" data-decimal=\"500\">500<\/span> <span class=\"cooked-ing-measurement\">grs<\/span> <span class=\"cooked-ing-name\">von Brokkoli<\/span><\/div>\n<div class=\"cooked-single-ingredient cooked-ingredient cooked-ing-no-checkbox\"><span class=\"cooked-ing-amount\" data-decimal=\"200\">200<\/span> <span class=\"cooked-ing-measurement\">grs<\/span> <span class=\"cooked-ing-name\">von Kartoffeln<\/span><\/div>\n<div class=\"cooked-single-ingredient cooked-ingredient cooked-ing-no-checkbox\"><span class=\"cooked-ing-amount\" data-decimal=\"150\">150<\/span> <span class=\"cooked-ing-measurement\">grs<\/span> <span class=\"cooked-ing-name\">gr\u00fcner Apfel<\/span><\/div>\n<div class=\"cooked-single-ingredient cooked-ingredient cooked-ing-no-checkbox\"><span class=\"cooked-ing-amount\" data-decimal=\"40\">40<\/span> <span class=\"cooked-ing-measurement\">grs<\/span> <span class=\"cooked-ing-name\">Zwiebel<\/span><\/div>\n<div class=\"cooked-single-ingredient cooked-ingredient cooked-ing-no-checkbox\"><span class=\"cooked-ing-amount\" data-decimal=\"30\">30<\/span> <span class=\"cooked-ing-measurement\">grs<\/span> <span class=\"cooked-ing-name\">Lauch<\/span><\/div>\n<div class=\"cooked-single-ingredient cooked-ingredient cooked-ing-no-checkbox\"><span class=\"cooked-ing-amount\" data-decimal=\"45\">45<\/span> <span class=\"cooked-ing-measurement\">grs<\/span> <span class=\"cooked-ing-name\">Staudensellerie<\/span><\/div>\n<div class=\"cooked-single-ingredient cooked-ingredient cooked-ing-no-checkbox\"><span class=\"cooked-ing-amount\" data-decimal=\"50\">50<\/span> <span class=\"cooked-ing-measurement\">grs<\/span> <span class=\"cooked-ing-name\">Butter<\/span><\/div>\n<div class=\"cooked-single-ingredient cooked-ingredient cooked-ing-no-checkbox\"><span class=\"cooked-ing-amount\" data-decimal=\"30\">30<\/span> <span class=\"cooked-ing-measurement\">ml<\/span> <span class=\"cooked-ing-name\">von Oliven\u00f6l<\/span><\/div>\n<div class=\"cooked-single-ingredient cooked-ingredient cooked-ing-no-checkbox\"><span class=\"cooked-ing-amount\" data-decimal=\"300\">300<\/span> <span class=\"cooked-ing-measurement\">ml<\/span> <span class=\"cooked-ing-name\">von Kondensmilch<\/span><\/div>\n<div class=\"cooked-single-ingredient cooked-ingredient cooked-ing-no-checkbox\"><span class=\"cooked-ing-amount\" data-decimal=\"600\">600<\/span> <span class=\"cooked-ing-measurement\">ml<\/span> <span class=\"cooked-ing-name\">von Gem\u00fcsebr\u00fche<\/span><\/div>\n<div class=\"cooked-single-ingredient cooked-ingredient cooked-ing-no-checkbox\"><span class=\"cooked-ing-name\">Pfeffer<\/span><\/div>\n<div class=\"cooked-single-ingredient cooked-ingredient cooked-ing-no-checkbox\"><span class=\"cooked-ing-name\">Salz<\/span><\/div>\n<div class=\"cooked-single-ingredient cooked-heading\">K\u00fcken ZUBEH\u00d6R<\/div>\n<div class=\"cooked-single-ingredient cooked-ingredient cooked-ing-no-checkbox\"><span class=\"cooked-ing-name\">Zubeh\u00f6r Klinge<\/span><\/div>\n<div class=\"cooked-single-ingredient cooked-ingredient cooked-ing-no-checkbox\"><span class=\"cooked-ing-name\">Zubeh\u00f6r-Entferner<\/span><\/div>\n<div class=\"cooked-single-ingredient cooked-ingredient cooked-ing-no-checkbox\"><span class=\"cooked-ing-name\">Spatel<\/span><\/div>\n<\/div>\n<h3>Anweisungen<\/h3>\n<div class=\"cooked-recipe-directions\">\n<div class=\"cooked-single-direction cooked-heading\">ELABORATION<\/div>\n<div class=\"cooked-single-direction cooked-direction\" data-step=\"Paso 1\">\n<div class=\"cooked-dir-content\">\n<p>Wir montieren das Messerzubeh\u00f6r an unseren K\u00fcken-Roboter.<\/p>\n<\/div>\n<\/div>\n<div class=\"cooked-single-direction cooked-direction\" data-step=\"Paso 2\">\n<div class=\"cooked-dir-content\">\n<p> F\u00fcgen Sie 500 g Brokkoli, geputzt und in gro\u00dfe St\u00fccke geschnitten, 150 g gesch\u00e4lten und gew\u00fcrfelten Apfel, 40 g Zwiebel, 200 g gesch\u00e4lte und gew\u00fcrfelte Kartoffel, 30 g dick geschnittenen Lauch und 45 g Sellerie, ebenfalls geputzt und gew\u00fcrfelt, hinzu.<\/p>\n<\/div>\n<\/div>\n<div class=\"cooked-single-direction cooked-direction\" data-step=\"Paso 3\">\n<div class=\"cooked-dir-content\">\n<p>Blenden Sie 60 Sekunden lang mit Stufe 8.<\/p>\n<\/div>\n<\/div>\n<div class=\"cooked-single-direction cooked-direction\" data-step=\"Paso 4\">\n<div class=\"cooked-dir-content\">\n<p>Nehmen Sie den Deckel ab und schieben Sie mit Hilfe des Spatels die Reste, die eventuell an der Wand des Glases geblieben sind, nach unten. Wiederholen Sie ggf. den vorherigen Schritt einige Sekunden lang mit der gleichen Geschwindigkeit.<\/p>\n<\/div>\n<\/div>\n<div class=\"cooked-single-direction cooked-direction\" data-step=\"Paso 5\">\n<div class=\"cooked-dir-content\">\n<p>Wir ersetzen das Zubeh\u00f6r f\u00fcr die Klinge durch das Zubeh\u00f6r f\u00fcr den Entferner.<\/p>\n<\/div>\n<\/div>\n<div class=\"cooked-single-direction cooked-direction\" data-step=\"Paso 6\">\n<div class=\"cooked-dir-content\">\n<p>F\u00fcgen Sie 30 ml Oliven\u00f6l und 50 g Butter hinzu.<\/p>\n<\/div>\n<\/div>\n<div class=\"cooked-single-direction cooked-direction\" data-step=\"Paso 7\">\n<div class=\"cooked-dir-content\">\n<p>Kochen Sie 10 Minuten lang bei 100 \u00baC und Geschwindigkeit 1.<\/p>\n<\/div>\n<\/div>\n<div class=\"cooked-single-direction cooked-direction\" data-step=\"Paso 8\">\n<div class=\"cooked-dir-content\">\n<p> 300 ml Kondensmilch und 600 ml Gem\u00fcsebr\u00fche zugeben und mit Salz und Pfeffer abschmecken.<\/p>\n<\/div>\n<\/div>\n<div class=\"cooked-single-direction cooked-direction\" data-step=\"Paso 9\">\n<div class=\"cooked-dir-content\">\n<p>R\u00fchren Sie 50 Sekunden lang mit Geschwindigkeit 5.<\/p>\n<\/div>\n<\/div>\n<div class=\"cooked-single-direction cooked-direction\" data-step=\"Paso 10\">\n<div class=\"cooked-dir-content\">\n<p>Kochen Sie 20 Minuten lang bei 120\u00baC und Geschwindigkeit 1.<\/p>\n<\/div>\n<\/div>\n<div class=\"cooked-single-direction cooked-direction\" data-step=\"Paso 11\">\n<div class=\"cooked-dir-content\">\n<p>Achten Sie darauf, sich nicht zu verbrennen, und ersetzen Sie das Entfernungszubeh\u00f6r durch das Klingenzubeh\u00f6r.<\/p>\n<\/div>\n<\/div>\n<div class=\"cooked-single-direction cooked-direction\" data-step=\"Paso 12\">\n<div class=\"cooked-dir-content\">\n<p>Blenden Sie 30 Sekunden lang mit Stufe 5.<\/p>\n<\/div>\n<\/div>\n<div class=\"cooked-single-direction cooked-direction\" data-step=\"Paso 13\">\n<div class=\"cooked-dir-content\">\n<p>Wenn wir eine feinere Textur bevorzugen, wiederholen Sie den vorherigen Schritt.<\/p>\n<\/div>\n<\/div>\n<div class=\"cooked-single-direction cooked-direction\" data-step=\"Paso 14\">\n<div class=\"cooked-dir-content\">\n<p>Unsere Creme ist fertig.<\/p>\n<\/div>\n<\/div>\n<\/div>","protected":false},"author":4,"featured_media":2783,"comment_status":"open","ping_status":"closed","template":"","recipe_category":[194],"class_list":["post-2782","cp_recipe","type-cp_recipe","status-publish","has-post-thumbnail","hentry","cp_recipe_category-primeros"],"yoast_head":"<!-- This site is optimized with the Yoast SEO Premium plugin v24.0 (Yoast SEO v25.3.1) - https:\/\/yoast.com\/wordpress\/plugins\/seo\/ -->\n<title>Crema de br\u00f3coli y manzana - Recetas K\u00fcken<\/title>\n<meta name=\"description\" content=\"Receta de crema de br\u00f3coli y manzana verde con el robot de cocina K\u00fcken. Visista la web de K\u00fcken para ver la receta paso a paso.\" \/>\n<meta name=\"robots\" content=\"index, follow, max-snippet:-1, max-image-preview:large, max-video-preview:-1\" \/>\n<link rel=\"canonical\" href=\"https:\/\/recetas.kuken.es\/de\/rezept\/brokkoli-apfel-sahne-rezept\/\" \/>\n<meta property=\"og:locale\" content=\"de_DE\" \/>\n<meta property=\"og:type\" content=\"article\" \/>\n<meta property=\"og:title\" content=\"Crema de br\u00f3coli y manzana\" \/>\n<meta property=\"og:description\" content=\"Receta de crema de br\u00f3coli y manzana verde con el robot de cocina K\u00fcken. Visista la web de K\u00fcken para ver la receta paso a paso.\" \/>\n<meta property=\"og:url\" content=\"https:\/\/recetas.kuken.es\/de\/rezept\/brokkoli-apfel-sahne-rezept\/\" \/>\n<meta property=\"og:site_name\" content=\"Recetas K\u00fcken\" \/>\n<meta property=\"article:modified_time\" content=\"2023-06-30T11:20:29+00:00\" \/>\n<meta property=\"og:image\" content=\"https:\/\/recetas.kuken.es\/wp-content\/uploads\/2021\/01\/receta-crema-de-brocoli-y-manzana.jpg\" \/>\n\t<meta property=\"og:image:width\" content=\"1333\" \/>\n\t<meta property=\"og:image:height\" content=\"2000\" \/>\n\t<meta property=\"og:image:type\" content=\"image\/jpeg\" \/>\n<meta name=\"twitter:card\" content=\"summary_large_image\" \/>\n<meta name=\"twitter:label1\" content=\"Gesch\u00e4tzte Lesezeit\" \/>\n\t<meta name=\"twitter:data1\" content=\"2\u00a0Minuten\" \/>\n<script type=\"application\/ld+json\" class=\"yoast-schema-graph\">{\"@context\":\"https:\/\/schema.org\",\"@graph\":[{\"@type\":\"WebPage\",\"@id\":\"https:\/\/recetas.kuken.es\/receta\/receta-de-crema-de-brocoli-y-manzana\/\",\"url\":\"https:\/\/recetas.kuken.es\/receta\/receta-de-crema-de-brocoli-y-manzana\/\",\"name\":\"Crema de br\u00f3coli y manzana - Recetas K\u00fcken\",\"isPartOf\":{\"@id\":\"https:\/\/recetas.kuken.es\/fr\/#website\"},\"primaryImageOfPage\":{\"@id\":\"https:\/\/recetas.kuken.es\/receta\/receta-de-crema-de-brocoli-y-manzana\/#primaryimage\"},\"image\":{\"@id\":\"https:\/\/recetas.kuken.es\/receta\/receta-de-crema-de-brocoli-y-manzana\/#primaryimage\"},\"thumbnailUrl\":\"https:\/\/recetas.kuken.es\/wp-content\/uploads\/2021\/01\/receta-crema-de-brocoli-y-manzana.jpg\",\"datePublished\":\"2021-01-22T11:22:55+00:00\",\"dateModified\":\"2023-06-30T11:20:29+00:00\",\"description\":\"Receta de crema de br\u00f3coli y manzana verde con el robot de cocina K\u00fcken. Visista la web de K\u00fcken para ver la receta paso a paso.\",\"breadcrumb\":{\"@id\":\"https:\/\/recetas.kuken.es\/receta\/receta-de-crema-de-brocoli-y-manzana\/#breadcrumb\"},\"inLanguage\":\"de\",\"potentialAction\":[{\"@type\":\"ReadAction\",\"target\":[\"https:\/\/recetas.kuken.es\/receta\/receta-de-crema-de-brocoli-y-manzana\/\"]}]},{\"@type\":\"ImageObject\",\"inLanguage\":\"de\",\"@id\":\"https:\/\/recetas.kuken.es\/receta\/receta-de-crema-de-brocoli-y-manzana\/#primaryimage\",\"url\":\"https:\/\/recetas.kuken.es\/wp-content\/uploads\/2021\/01\/receta-crema-de-brocoli-y-manzana.jpg\",\"contentUrl\":\"https:\/\/recetas.kuken.es\/wp-content\/uploads\/2021\/01\/receta-crema-de-brocoli-y-manzana.jpg\",\"width\":1333,\"height\":2000,\"caption\":\"Receta de crema de brocoli y manzana verde con el robot de cocina\"},{\"@type\":\"BreadcrumbList\",\"@id\":\"https:\/\/recetas.kuken.es\/receta\/receta-de-crema-de-brocoli-y-manzana\/#breadcrumb\",\"itemListElement\":[{\"@type\":\"ListItem\",\"position\":1,\"name\":\"Recepten\",\"item\":\"https:\/\/recetas.kuken.es\/nl\/receptarchief\/\"},{\"@type\":\"ListItem\",\"position\":2,\"name\":\"Crema de br\u00f3coli y manzana\"}]},{\"@type\":\"WebSite\",\"@id\":\"https:\/\/recetas.kuken.es\/fr\/#website\",\"url\":\"https:\/\/recetas.kuken.es\/fr\/\",\"name\":\"Recetas K\u00fcken\",\"description\":\"Amplia variedad de recetas para tu robot de cocina\",\"publisher\":{\"@id\":\"https:\/\/recetas.kuken.es\/fr\/#organization\"},\"potentialAction\":[{\"@type\":\"SearchAction\",\"target\":{\"@type\":\"EntryPoint\",\"urlTemplate\":\"https:\/\/recetas.kuken.es\/fr\/?s={search_term_string}\"},\"query-input\":{\"@type\":\"PropertyValueSpecification\",\"valueRequired\":true,\"valueName\":\"search_term_string\"}}],\"inLanguage\":\"de\"},{\"@type\":\"Organization\",\"@id\":\"https:\/\/recetas.kuken.es\/fr\/#organization\",\"name\":\"Alfa Dyser\",\"url\":\"https:\/\/recetas.kuken.es\/fr\/\",\"logo\":{\"@type\":\"ImageObject\",\"inLanguage\":\"de\",\"@id\":\"https:\/\/recetas.kuken.es\/fr\/#\/schema\/logo\/image\/\",\"url\":\"https:\/\/recetas.kuken.es\/wp-content\/uploads\/2020\/11\/cropped-kuken-1.png\",\"contentUrl\":\"https:\/\/recetas.kuken.es\/wp-content\/uploads\/2020\/11\/cropped-kuken-1.png\",\"width\":377,\"height\":94,\"caption\":\"Alfa Dyser\"},\"image\":{\"@id\":\"https:\/\/recetas.kuken.es\/fr\/#\/schema\/logo\/image\/\"}}]}<\/script>\n<!-- \/ Yoast SEO Premium plugin. -->","yoast_head_json":{"title":"Crema de br\u00f3coli y manzana - Recetas K\u00fcken","description":"Receta de crema de br\u00f3coli y manzana verde con el robot de cocina K\u00fcken. Visista la web de K\u00fcken para ver la receta paso a paso.","robots":{"index":"index","follow":"follow","max-snippet":"max-snippet:-1","max-image-preview":"max-image-preview:large","max-video-preview":"max-video-preview:-1"},"canonical":"https:\/\/recetas.kuken.es\/de\/rezept\/brokkoli-apfel-sahne-rezept\/","og_locale":"de_DE","og_type":"article","og_title":"Crema de br\u00f3coli y manzana","og_description":"Receta de crema de br\u00f3coli y manzana verde con el robot de cocina K\u00fcken. Visista la web de K\u00fcken para ver la receta paso a paso.","og_url":"https:\/\/recetas.kuken.es\/de\/rezept\/brokkoli-apfel-sahne-rezept\/","og_site_name":"Recetas K\u00fcken","article_modified_time":"2023-06-30T11:20:29+00:00","og_image":[{"width":1333,"height":2000,"url":"https:\/\/recetas.kuken.es\/wp-content\/uploads\/2021\/01\/receta-crema-de-brocoli-y-manzana.jpg","type":"image\/jpeg"}],"twitter_card":"summary_large_image","twitter_misc":{"Gesch\u00e4tzte Lesezeit":"2\u00a0Minuten"},"schema":{"@context":"https:\/\/schema.org","@graph":[{"@type":"WebPage","@id":"https:\/\/recetas.kuken.es\/receta\/receta-de-crema-de-brocoli-y-manzana\/","url":"https:\/\/recetas.kuken.es\/receta\/receta-de-crema-de-brocoli-y-manzana\/","name":"Crema de br\u00f3coli y manzana - Recetas K\u00fcken","isPartOf":{"@id":"https:\/\/recetas.kuken.es\/fr\/#website"},"primaryImageOfPage":{"@id":"https:\/\/recetas.kuken.es\/receta\/receta-de-crema-de-brocoli-y-manzana\/#primaryimage"},"image":{"@id":"https:\/\/recetas.kuken.es\/receta\/receta-de-crema-de-brocoli-y-manzana\/#primaryimage"},"thumbnailUrl":"https:\/\/recetas.kuken.es\/wp-content\/uploads\/2021\/01\/receta-crema-de-brocoli-y-manzana.jpg","datePublished":"2021-01-22T11:22:55+00:00","dateModified":"2023-06-30T11:20:29+00:00","description":"Receta de crema de br\u00f3coli y manzana verde con el robot de cocina K\u00fcken. Visista la web de K\u00fcken para ver la receta paso a paso.","breadcrumb":{"@id":"https:\/\/recetas.kuken.es\/receta\/receta-de-crema-de-brocoli-y-manzana\/#breadcrumb"},"inLanguage":"de","potentialAction":[{"@type":"ReadAction","target":["https:\/\/recetas.kuken.es\/receta\/receta-de-crema-de-brocoli-y-manzana\/"]}]},{"@type":"ImageObject","inLanguage":"de","@id":"https:\/\/recetas.kuken.es\/receta\/receta-de-crema-de-brocoli-y-manzana\/#primaryimage","url":"https:\/\/recetas.kuken.es\/wp-content\/uploads\/2021\/01\/receta-crema-de-brocoli-y-manzana.jpg","contentUrl":"https:\/\/recetas.kuken.es\/wp-content\/uploads\/2021\/01\/receta-crema-de-brocoli-y-manzana.jpg","width":1333,"height":2000,"caption":"Receta de crema de brocoli y manzana verde con el robot de cocina"},{"@type":"BreadcrumbList","@id":"https:\/\/recetas.kuken.es\/receta\/receta-de-crema-de-brocoli-y-manzana\/#breadcrumb","itemListElement":[{"@type":"ListItem","position":1,"name":"Recepten","item":"https:\/\/recetas.kuken.es\/nl\/receptarchief\/"},{"@type":"ListItem","position":2,"name":"Crema de br\u00f3coli y manzana"}]},{"@type":"WebSite","@id":"https:\/\/recetas.kuken.es\/fr\/#website","url":"https:\/\/recetas.kuken.es\/fr\/","name":"Recetas K\u00fcken","description":"Amplia variedad de recetas para tu robot de cocina","publisher":{"@id":"https:\/\/recetas.kuken.es\/fr\/#organization"},"potentialAction":[{"@type":"SearchAction","target":{"@type":"EntryPoint","urlTemplate":"https:\/\/recetas.kuken.es\/fr\/?s={search_term_string}"},"query-input":{"@type":"PropertyValueSpecification","valueRequired":true,"valueName":"search_term_string"}}],"inLanguage":"de"},{"@type":"Organization","@id":"https:\/\/recetas.kuken.es\/fr\/#organization","name":"Alfa Dyser","url":"https:\/\/recetas.kuken.es\/fr\/","logo":{"@type":"ImageObject","inLanguage":"de","@id":"https:\/\/recetas.kuken.es\/fr\/#\/schema\/logo\/image\/","url":"https:\/\/recetas.kuken.es\/wp-content\/uploads\/2020\/11\/cropped-kuken-1.png","contentUrl":"https:\/\/recetas.kuken.es\/wp-content\/uploads\/2020\/11\/cropped-kuken-1.png","width":377,"height":94,"caption":"Alfa Dyser"},"image":{"@id":"https:\/\/recetas.kuken.es\/fr\/#\/schema\/logo\/image\/"}}]}},"_links":{"self":[{"href":"https:\/\/recetas.kuken.es\/de\/wp-json\/wp\/v2\/cooked_recipe\/2782","targetHints":{"allow":["GET"]}}],"collection":[{"href":"https:\/\/recetas.kuken.es\/de\/wp-json\/wp\/v2\/cooked_recipe"}],"about":[{"href":"https:\/\/recetas.kuken.es\/de\/wp-json\/wp\/v2\/types\/cp_recipe"}],"author":[{"embeddable":true,"href":"https:\/\/recetas.kuken.es\/de\/wp-json\/wp\/v2\/users\/4"}],"replies":[{"embeddable":true,"href":"https:\/\/recetas.kuken.es\/de\/wp-json\/wp\/v2\/comments?post=2782"}],"wp:featuredmedia":[{"embeddable":true,"href":"https:\/\/recetas.kuken.es\/de\/wp-json\/wp\/v2\/media\/2783"}],"wp:attachment":[{"href":"https:\/\/recetas.kuken.es\/de\/wp-json\/wp\/v2\/media?parent=2782"}],"wp:term":[{"taxonomy":"cp_recipe_category","embeddable":true,"href":"https:\/\/recetas.kuken.es\/de\/wp-json\/wp\/v2\/recipe_category?post=2782"}],"curies":[{"name":"wp","href":"https:\/\/api.w.org\/{rel}","templated":true}]}}