{"id":3270,"date":"2023-06-30T08:01:48","date_gmt":"2023-06-30T06:01:48","guid":{"rendered":"https:\/\/recetas.kuken.es\/?post_type=cp_recipe&#038;p=3270"},"modified":"2023-06-30T09:07:30","modified_gmt":"2023-06-30T07:07:30","slug":"ailes-epicees-au-miel-et-au-sesame","status":"publish","type":"cp_recipe","link":"https:\/\/recetas.kuken.es\/fr\/recette\/ailes-epicees-au-miel-et-au-sesame\/","title":{"rendered":"Ailes chaudes au miel et au s\u00e9same"},"content":{"rendered":"<h2>Ailes de poulet \u00e9pic\u00e9es au miel et au s\u00e9same, parfaites \u00e0 partager en famille ou entre amis.<\/h2>\n<h3>Ingr\u00e9dients<\/h3>\n<div class=\"cooked-recipe-ingredients\">\n<div class=\"cooked-single-ingredient cooked-ingredient cooked-ing-no-checkbox\"><span class=\"cooked-ing-amount\" data-decimal=\"12\">12<\/span> <span class=\"cooked-ing-measurement\"><\/span> <span class=\"cooked-ing-name\">ailes de poulet<\/span><\/div>\n<div class=\"cooked-single-ingredient cooked-ingredient cooked-ing-no-checkbox\"><span class=\"cooked-ing-amount\" data-decimal=\"150\">150<\/span> <span class=\"cooked-ing-measurement\">grs<\/span> <span class=\"cooked-ing-name\">de champignons sauvages<\/span><\/div>\n<div class=\"cooked-single-ingredient cooked-ingredient cooked-ing-no-checkbox\"><span class=\"cooked-ing-amount\" data-decimal=\"100\">100<\/span> <span class=\"cooked-ing-measurement\">grs<\/span> <span class=\"cooked-ing-name\">oignon<\/span><\/div>\n<div class=\"cooked-single-ingredient cooked-ingredient cooked-ing-no-checkbox\"><span class=\"cooked-ing-amount\" data-decimal=\"2\">2<\/span> <span class=\"cooked-ing-measurement\"><\/span> <span class=\"cooked-ing-name\">gousses d'ail<\/span><\/div>\n<div class=\"cooked-single-ingredient cooked-ingredient cooked-ing-no-checkbox\"><span class=\"cooked-ing-amount\" data-decimal=\"30\">30<\/span> <span class=\"cooked-ing-measurement\">grs<\/span> <span class=\"cooked-ing-name\">de germes de soja<\/span><\/div>\n<div class=\"cooked-single-ingredient cooked-ingredient cooked-ing-no-checkbox\"><span class=\"cooked-ing-amount\" data-decimal=\"80\">80<\/span> <span class=\"cooked-ing-measurement\">grs<\/span> <span class=\"cooked-ing-name\">de tomates concass\u00e9es<\/span><\/div>\n<div class=\"cooked-single-ingredient cooked-ingredient cooked-ing-no-checkbox\"><span class=\"cooked-ing-amount\" data-decimal=\"60\">60<\/span> <span class=\"cooked-ing-measurement\">ml<\/span> <span class=\"cooked-ing-name\">d'huile d'olive<\/span><\/div>\n<div class=\"cooked-single-ingredient cooked-ingredient cooked-ing-no-checkbox\"><span class=\"cooked-ing-amount\" data-decimal=\"20\">20<\/span> <span class=\"cooked-ing-measurement\">grs<\/span> <span class=\"cooked-ing-name\">graines de s\u00e9same grill\u00e9es<\/span><\/div>\n<div class=\"cooked-single-ingredient cooked-ingredient cooked-ing-no-checkbox\"><span class=\"cooked-ing-amount\" data-decimal=\"1\">1<\/span> <span class=\"cooked-ing-measurement\">cuill\u00e8re<\/span> <span class=\"cooked-ing-name\">miel<\/span><\/div>\n<div class=\"cooked-single-ingredient cooked-ingredient cooked-ing-no-checkbox\"><span class=\"cooked-ing-amount\" data-decimal=\"1\">1<\/span> <span class=\"cooked-ing-measurement\"><\/span> <span class=\"cooked-ing-name\">chili<\/span><\/div>\n<div class=\"cooked-single-ingredient cooked-ingredient cooked-ing-no-checkbox\"><span class=\"cooked-ing-name\">Poivre<\/span><\/div>\n<div class=\"cooked-single-ingredient cooked-ingredient cooked-ing-no-checkbox\"><span class=\"cooked-ing-name\">Sel<\/span><\/div>\n<\/div>\n<h3>Instructions<\/h3>\n<div class=\"cooked-recipe-directions\">\n<div class=\"cooked-single-direction cooked-direction\" data-step=\"Paso 1\">\n<div class=\"cooked-dir-content\">\n<p>\u00c9tape 1 : Dans le saladier, sans aucun accessoire, ajouter 1 litre d'eau, 800 g de pommes de terre pr\u00e9alablement lav\u00e9es et un peu de sel.<\/p>\n<\/div>\n<\/div>\n<div class=\"cooked-single-direction cooked-direction\" data-step=\"Paso 2\">\n<div class=\"cooked-dir-content\">\n<p>\u00c9tape 2 : Cuire pendant 25 minutes en mode vapeur \u00e9lev\u00e9e.<\/p>\n<\/div>\n<\/div>\n<div class=\"cooked-single-direction cooked-direction\" data-step=\"Paso 3\">\n<div class=\"cooked-dir-content\">\n<p>R\u00e9server les pommes de terre bouillies dans un bol pour qu'elles refroidissent.<\/p>\n<\/div>\n<\/div>\n<div class=\"cooked-single-direction cooked-direction\" data-step=\"Paso 4\">\n<div class=\"cooked-dir-content\">\n<p>\u00c9tape 4 : \u00c9liminez l'exc\u00e9dent d'eau de cuisson et nettoyez soigneusement le verre.<\/p>\n<\/div>\n<\/div>\n<div class=\"cooked-single-direction cooked-direction\" data-step=\"Paso 5\">\n<div class=\"cooked-dir-content\">\n<p>\u00c9tape 5 : Montez l'accessoire de brassage sur votre robot de cuisine.<\/p>\n<\/div>\n<\/div>\n<div class=\"cooked-single-direction cooked-direction\" data-step=\"Paso 6\">\n<div class=\"cooked-dir-content\">\n<p>\u00c9tape 6. Ajouter 30 ml d'huile d'olive et deux gousses d'ail hach\u00e9es.<\/p>\n<\/div>\n<\/div>\n<div class=\"cooked-single-direction cooked-direction\" data-step=\"Paso 7\">\n<div class=\"cooked-dir-content\">\n<p>\u00c9tape 7. Cuire pendant 5 minutes \u00e0 115\u00baC et \u00e0 la vitesse 1.<\/p>\n<\/div>\n<\/div>\n<div class=\"cooked-single-direction cooked-direction\" data-step=\"Paso 8\">\n<div class=\"cooked-dir-content\">\n<p>\u00c9tape 8 : Ajouter 150 g de champignons hach\u00e9s, du persil hach\u00e9, du sel et du poivre.<\/p>\n<\/div>\n<\/div>\n<div class=\"cooked-single-direction cooked-direction\" data-step=\"Paso 9\">\n<div class=\"cooked-dir-content\">\n<p>\u00c9tape 9. Cuire pendant 5 minutes \u00e0 115\u00baC et \u00e0 la vitesse 1.<\/p>\n<\/div>\n<\/div>\n<div class=\"cooked-single-direction cooked-direction\" data-step=\"Paso 10\">\n<div class=\"cooked-dir-content\">\n<p>R\u00e9server les champignons dans une assiette.<\/p>\n<\/div>\n<\/div>\n<div class=\"cooked-single-direction cooked-direction\" data-step=\"Paso 11\">\n<div class=\"cooked-dir-content\">\n<p>\u00c9tape 11 : Nous montons l'accessoire lame sur notre robot de cuisine.<\/p>\n<\/div>\n<\/div>\n<div class=\"cooked-single-direction cooked-direction\" data-step=\"Paso 12\">\n<div class=\"cooked-dir-content\">\n<p>\u00c9tape 12 : Ajouter 30 ml d'huile d'olive, 150 g de saucisse noire grossi\u00e8rement hach\u00e9e, du sel et du poivre.<\/p>\n<\/div>\n<\/div>\n<div class=\"cooked-single-direction cooked-direction\" data-step=\"Paso 13\">\n<div class=\"cooked-dir-content\">\n<p>\u00c9tape 13 : Cuire pendant 6 minutes \u00e0 115\u00baC et \u00e0 la vitesse 1.<\/p>\n<\/div>\n<\/div>\n<div class=\"cooked-single-direction cooked-direction\" data-step=\"Paso 14\">\n<div class=\"cooked-dir-content\">\n<p>\u00c9tape 14 : Ajouter les pommes de terre bouillies, pr\u00e9alablement \u00e9pluch\u00e9es et coup\u00e9es en gros morceaux.<\/p>\n<\/div>\n<\/div>\n<div class=\"cooked-single-direction cooked-direction\" data-step=\"Paso 15\">\n<div class=\"cooked-dir-content\">\n<p>\u00c9tape 15 : Cuire pendant 8 minutes \u00e0 120\u00baC et \u00e0 la vitesse 1.<\/p>\n<\/div>\n<\/div>\n<div class=\"cooked-single-direction cooked-direction\" data-step=\"Paso 16\">\n<div class=\"cooked-dir-content\">\n<p>\u00c9tape 16 : Nous pouvons maintenant pr\u00e9parer notre recette ; nous pla\u00e7ons les pommes de terre masqu\u00e9es, si nous avons un moule \u00e0 anneaux parfait, sinon nous essayons de leur donner une forme uniforme \u00e0 l'aide d'une cuill\u00e8re ou d'une spatule, nous les accompagnons de champignons saut\u00e9s et d'un peu de ciboulette hach\u00e9e sur le dessus. <\/p>\n<\/div>\n<\/div>\n<\/div>","protected":false},"author":167,"featured_media":3273,"comment_status":"open","ping_status":"closed","template":"","recipe_category":[194],"class_list":["post-3270","cp_recipe","type-cp_recipe","status-publish","has-post-thumbnail","hentry","cp_recipe_category-primeros"],"yoast_head":"<!-- This site is optimized with the Yoast SEO Premium plugin v24.0 (Yoast SEO v25.3.1) - https:\/\/yoast.com\/wordpress\/plugins\/seo\/ -->\n<title>Alitas picantes con miel y s\u00e9samo - Recetas K\u00fcken<\/title>\n<meta name=\"description\" content=\"Deliciosa receta de alitas picantes con miel y s\u00e9samo para compartir con amigos y familia en reuniones y celebraciones.\" \/>\n<meta name=\"robots\" content=\"index, follow, max-snippet:-1, max-image-preview:large, max-video-preview:-1\" \/>\n<link rel=\"canonical\" href=\"https:\/\/recetas.kuken.es\/fr\/recette\/ailes-epicees-au-miel-et-au-sesame\/\" \/>\n<meta property=\"og:locale\" content=\"fr_FR\" \/>\n<meta property=\"og:type\" content=\"article\" \/>\n<meta property=\"og:title\" content=\"Alitas picantes con miel y s\u00e9samo\" \/>\n<meta property=\"og:description\" content=\"Deliciosa receta de alitas picantes con miel y s\u00e9samo para compartir con amigos y familia en reuniones y celebraciones.\" \/>\n<meta property=\"og:url\" content=\"https:\/\/recetas.kuken.es\/fr\/recette\/ailes-epicees-au-miel-et-au-sesame\/\" \/>\n<meta property=\"og:site_name\" content=\"Recetas K\u00fcken\" \/>\n<meta property=\"article:modified_time\" content=\"2023-06-30T07:07:30+00:00\" \/>\n<meta property=\"og:image\" content=\"https:\/\/recetas.kuken.es\/wp-content\/uploads\/alitas-de-pollo-miel.jpg\" \/>\n\t<meta property=\"og:image:width\" content=\"480\" \/>\n\t<meta property=\"og:image:height\" content=\"658\" \/>\n\t<meta property=\"og:image:type\" content=\"image\/jpeg\" \/>\n<meta name=\"twitter:card\" content=\"summary_large_image\" \/>\n<meta name=\"twitter:label1\" content=\"Dur\u00e9e de lecture estim\u00e9e\" \/>\n\t<meta name=\"twitter:data1\" content=\"2 minutes\" \/>\n<script type=\"application\/ld+json\" class=\"yoast-schema-graph\">{\"@context\":\"https:\/\/schema.org\",\"@graph\":[{\"@type\":\"WebPage\",\"@id\":\"https:\/\/recetas.kuken.es\/receta\/alitas-picantes-con-miel-y-sesamo\/\",\"url\":\"https:\/\/recetas.kuken.es\/receta\/alitas-picantes-con-miel-y-sesamo\/\",\"name\":\"Alitas picantes con miel y s\u00e9samo - Recetas K\u00fcken\",\"isPartOf\":{\"@id\":\"https:\/\/recetas.kuken.es\/fr\/#website\"},\"primaryImageOfPage\":{\"@id\":\"https:\/\/recetas.kuken.es\/receta\/alitas-picantes-con-miel-y-sesamo\/#primaryimage\"},\"image\":{\"@id\":\"https:\/\/recetas.kuken.es\/receta\/alitas-picantes-con-miel-y-sesamo\/#primaryimage\"},\"thumbnailUrl\":\"https:\/\/recetas.kuken.es\/wp-content\/uploads\/alitas-de-pollo-miel.jpg\",\"datePublished\":\"2023-06-30T06:01:48+00:00\",\"dateModified\":\"2023-06-30T07:07:30+00:00\",\"description\":\"Deliciosa receta de alitas picantes con miel y s\u00e9samo para compartir con amigos y familia en reuniones y celebraciones.\",\"breadcrumb\":{\"@id\":\"https:\/\/recetas.kuken.es\/receta\/alitas-picantes-con-miel-y-sesamo\/#breadcrumb\"},\"inLanguage\":\"fr-FR\",\"potentialAction\":[{\"@type\":\"ReadAction\",\"target\":[\"https:\/\/recetas.kuken.es\/receta\/alitas-picantes-con-miel-y-sesamo\/\"]}]},{\"@type\":\"ImageObject\",\"inLanguage\":\"fr-FR\",\"@id\":\"https:\/\/recetas.kuken.es\/receta\/alitas-picantes-con-miel-y-sesamo\/#primaryimage\",\"url\":\"https:\/\/recetas.kuken.es\/wp-content\/uploads\/alitas-de-pollo-miel.jpg\",\"contentUrl\":\"https:\/\/recetas.kuken.es\/wp-content\/uploads\/alitas-de-pollo-miel.jpg\",\"width\":480,\"height\":658},{\"@type\":\"BreadcrumbList\",\"@id\":\"https:\/\/recetas.kuken.es\/receta\/alitas-picantes-con-miel-y-sesamo\/#breadcrumb\",\"itemListElement\":[{\"@type\":\"ListItem\",\"position\":1,\"name\":\"Recepten\",\"item\":\"https:\/\/recetas.kuken.es\/nl\/receptarchief\/\"},{\"@type\":\"ListItem\",\"position\":2,\"name\":\"Alitas picantes con miel y s\u00e9samo\"}]},{\"@type\":\"WebSite\",\"@id\":\"https:\/\/recetas.kuken.es\/fr\/#website\",\"url\":\"https:\/\/recetas.kuken.es\/fr\/\",\"name\":\"Recetas K\u00fcken\",\"description\":\"Amplia variedad de recetas para tu robot de cocina\",\"publisher\":{\"@id\":\"https:\/\/recetas.kuken.es\/fr\/#organization\"},\"potentialAction\":[{\"@type\":\"SearchAction\",\"target\":{\"@type\":\"EntryPoint\",\"urlTemplate\":\"https:\/\/recetas.kuken.es\/fr\/?s={search_term_string}\"},\"query-input\":{\"@type\":\"PropertyValueSpecification\",\"valueRequired\":true,\"valueName\":\"search_term_string\"}}],\"inLanguage\":\"fr-FR\"},{\"@type\":\"Organization\",\"@id\":\"https:\/\/recetas.kuken.es\/fr\/#organization\",\"name\":\"Alfa Dyser\",\"url\":\"https:\/\/recetas.kuken.es\/fr\/\",\"logo\":{\"@type\":\"ImageObject\",\"inLanguage\":\"fr-FR\",\"@id\":\"https:\/\/recetas.kuken.es\/fr\/#\/schema\/logo\/image\/\",\"url\":\"https:\/\/recetas.kuken.es\/wp-content\/uploads\/2020\/11\/cropped-kuken-1.png\",\"contentUrl\":\"https:\/\/recetas.kuken.es\/wp-content\/uploads\/2020\/11\/cropped-kuken-1.png\",\"width\":377,\"height\":94,\"caption\":\"Alfa Dyser\"},\"image\":{\"@id\":\"https:\/\/recetas.kuken.es\/fr\/#\/schema\/logo\/image\/\"}}]}<\/script>\n<!-- \/ Yoast SEO Premium plugin. -->","yoast_head_json":{"title":"Alitas picantes con miel y s\u00e9samo - Recetas K\u00fcken","description":"Deliciosa receta de alitas picantes con miel y s\u00e9samo para compartir con amigos y familia en reuniones y celebraciones.","robots":{"index":"index","follow":"follow","max-snippet":"max-snippet:-1","max-image-preview":"max-image-preview:large","max-video-preview":"max-video-preview:-1"},"canonical":"https:\/\/recetas.kuken.es\/fr\/recette\/ailes-epicees-au-miel-et-au-sesame\/","og_locale":"fr_FR","og_type":"article","og_title":"Alitas picantes con miel y s\u00e9samo","og_description":"Deliciosa receta de alitas picantes con miel y s\u00e9samo para compartir con amigos y familia en reuniones y celebraciones.","og_url":"https:\/\/recetas.kuken.es\/fr\/recette\/ailes-epicees-au-miel-et-au-sesame\/","og_site_name":"Recetas K\u00fcken","article_modified_time":"2023-06-30T07:07:30+00:00","og_image":[{"width":480,"height":658,"url":"https:\/\/recetas.kuken.es\/wp-content\/uploads\/alitas-de-pollo-miel.jpg","type":"image\/jpeg"}],"twitter_card":"summary_large_image","twitter_misc":{"Dur\u00e9e de lecture estim\u00e9e":"2 minutes"},"schema":{"@context":"https:\/\/schema.org","@graph":[{"@type":"WebPage","@id":"https:\/\/recetas.kuken.es\/receta\/alitas-picantes-con-miel-y-sesamo\/","url":"https:\/\/recetas.kuken.es\/receta\/alitas-picantes-con-miel-y-sesamo\/","name":"Alitas picantes con miel y s\u00e9samo - Recetas K\u00fcken","isPartOf":{"@id":"https:\/\/recetas.kuken.es\/fr\/#website"},"primaryImageOfPage":{"@id":"https:\/\/recetas.kuken.es\/receta\/alitas-picantes-con-miel-y-sesamo\/#primaryimage"},"image":{"@id":"https:\/\/recetas.kuken.es\/receta\/alitas-picantes-con-miel-y-sesamo\/#primaryimage"},"thumbnailUrl":"https:\/\/recetas.kuken.es\/wp-content\/uploads\/alitas-de-pollo-miel.jpg","datePublished":"2023-06-30T06:01:48+00:00","dateModified":"2023-06-30T07:07:30+00:00","description":"Deliciosa receta de alitas picantes con miel y s\u00e9samo para compartir con amigos y familia en reuniones y celebraciones.","breadcrumb":{"@id":"https:\/\/recetas.kuken.es\/receta\/alitas-picantes-con-miel-y-sesamo\/#breadcrumb"},"inLanguage":"fr-FR","potentialAction":[{"@type":"ReadAction","target":["https:\/\/recetas.kuken.es\/receta\/alitas-picantes-con-miel-y-sesamo\/"]}]},{"@type":"ImageObject","inLanguage":"fr-FR","@id":"https:\/\/recetas.kuken.es\/receta\/alitas-picantes-con-miel-y-sesamo\/#primaryimage","url":"https:\/\/recetas.kuken.es\/wp-content\/uploads\/alitas-de-pollo-miel.jpg","contentUrl":"https:\/\/recetas.kuken.es\/wp-content\/uploads\/alitas-de-pollo-miel.jpg","width":480,"height":658},{"@type":"BreadcrumbList","@id":"https:\/\/recetas.kuken.es\/receta\/alitas-picantes-con-miel-y-sesamo\/#breadcrumb","itemListElement":[{"@type":"ListItem","position":1,"name":"Recepten","item":"https:\/\/recetas.kuken.es\/nl\/receptarchief\/"},{"@type":"ListItem","position":2,"name":"Alitas picantes con miel y s\u00e9samo"}]},{"@type":"WebSite","@id":"https:\/\/recetas.kuken.es\/fr\/#website","url":"https:\/\/recetas.kuken.es\/fr\/","name":"Recetas K\u00fcken","description":"Amplia variedad de recetas para tu robot de cocina","publisher":{"@id":"https:\/\/recetas.kuken.es\/fr\/#organization"},"potentialAction":[{"@type":"SearchAction","target":{"@type":"EntryPoint","urlTemplate":"https:\/\/recetas.kuken.es\/fr\/?s={search_term_string}"},"query-input":{"@type":"PropertyValueSpecification","valueRequired":true,"valueName":"search_term_string"}}],"inLanguage":"fr-FR"},{"@type":"Organization","@id":"https:\/\/recetas.kuken.es\/fr\/#organization","name":"Alfa Dyser","url":"https:\/\/recetas.kuken.es\/fr\/","logo":{"@type":"ImageObject","inLanguage":"fr-FR","@id":"https:\/\/recetas.kuken.es\/fr\/#\/schema\/logo\/image\/","url":"https:\/\/recetas.kuken.es\/wp-content\/uploads\/2020\/11\/cropped-kuken-1.png","contentUrl":"https:\/\/recetas.kuken.es\/wp-content\/uploads\/2020\/11\/cropped-kuken-1.png","width":377,"height":94,"caption":"Alfa Dyser"},"image":{"@id":"https:\/\/recetas.kuken.es\/fr\/#\/schema\/logo\/image\/"}}]}},"_links":{"self":[{"href":"https:\/\/recetas.kuken.es\/fr\/wp-json\/wp\/v2\/cooked_recipe\/3270","targetHints":{"allow":["GET"]}}],"collection":[{"href":"https:\/\/recetas.kuken.es\/fr\/wp-json\/wp\/v2\/cooked_recipe"}],"about":[{"href":"https:\/\/recetas.kuken.es\/fr\/wp-json\/wp\/v2\/types\/cp_recipe"}],"author":[{"embeddable":true,"href":"https:\/\/recetas.kuken.es\/fr\/wp-json\/wp\/v2\/users\/167"}],"replies":[{"embeddable":true,"href":"https:\/\/recetas.kuken.es\/fr\/wp-json\/wp\/v2\/comments?post=3270"}],"wp:featuredmedia":[{"embeddable":true,"href":"https:\/\/recetas.kuken.es\/fr\/wp-json\/wp\/v2\/media\/3273"}],"wp:attachment":[{"href":"https:\/\/recetas.kuken.es\/fr\/wp-json\/wp\/v2\/media?parent=3270"}],"wp:term":[{"taxonomy":"cp_recipe_category","embeddable":true,"href":"https:\/\/recetas.kuken.es\/fr\/wp-json\/wp\/v2\/recipe_category?post=3270"}],"curies":[{"name":"wp","href":"https:\/\/api.w.org\/{rel}","templated":true}]}}