{"id":3044,"date":"2022-01-10T11:46:58","date_gmt":"2022-01-10T10:46:58","guid":{"rendered":"https:\/\/recetas.kuken.es\/?post_type=cp_recipe&#038;p=3044"},"modified":"2023-06-30T11:35:43","modified_gmt":"2023-06-30T09:35:43","slug":"fabes-met-clams","status":"publish","type":"cp_recipe","link":"https:\/\/recetas.kuken.es\/nl\/recept\/fabes-met-clams\/","title":{"rendered":"Bonen met mosselen"},"content":{"rendered":"<h2>Weinig stoofschotels met peulvruchten zijn zo smakelijk als deze die we u vandaag brengen - zeker voor herhaling vatbaar!<\/h2>\n<h3>Ingredi\u00ebnten<\/h3>\n<div class=\"cooked-recipe-ingredients\">\n<div class=\"cooked-single-ingredient cooked-ingredient cooked-ing-no-checkbox\"><span class=\"cooked-ing-amount\" data-decimal=\"800\">800<\/span> <span class=\"cooked-ing-measurement\">grs<\/span> <span class=\"cooked-ing-name\">van gekookte witte bonen uit blik<\/span><\/div>\n<div class=\"cooked-single-ingredient cooked-ingredient cooked-ing-no-checkbox\"><span class=\"cooked-ing-amount\" data-decimal=\"600\">600<\/span> <span class=\"cooked-ing-measurement\">grs<\/span> <span class=\"cooked-ing-name\">van grote mosselen<\/span><\/div>\n<div class=\"cooked-single-ingredient cooked-ingredient cooked-ing-no-checkbox\"><span class=\"cooked-ing-amount\" data-decimal=\"200\">200<\/span> <span class=\"cooked-ing-measurement\">grs<\/span> <span class=\"cooked-ing-name\">ui<\/span><\/div>\n<div class=\"cooked-single-ingredient cooked-ingredient cooked-ing-no-checkbox\"><span class=\"cooked-ing-amount\" data-decimal=\"2\">2<\/span> <span class=\"cooked-ing-measurement\"><\/span> <span class=\"cooked-ing-name\">knoflookteentjes<\/span><\/div>\n<div class=\"cooked-single-ingredient cooked-ingredient cooked-ing-no-checkbox\"><span class=\"cooked-ing-amount\" data-decimal=\"60\">60<\/span> <span class=\"cooked-ing-measurement\">ml<\/span> <span class=\"cooked-ing-name\">extra vierge olijfolie<\/span><\/div>\n<div class=\"cooked-single-ingredient cooked-ingredient cooked-ing-no-checkbox\"><span class=\"cooked-ing-amount\" data-decimal=\"400\">400<\/span> <span class=\"cooked-ing-measurement\">ml<\/span> <span class=\"cooked-ing-name\">van water<\/span><\/div>\n<div class=\"cooked-single-ingredient cooked-ingredient cooked-ing-no-checkbox\"><span class=\"cooked-ing-name\">Een klein bosje peterselie<\/span><\/div>\n<div class=\"cooked-single-ingredient cooked-ingredient cooked-ing-no-checkbox\"><span class=\"cooked-ing-name\">Een scheutje witte wijn<\/span><\/div>\n<div class=\"cooked-single-ingredient cooked-ingredient cooked-ing-no-checkbox\"><span class=\"cooked-ing-name\">Paprika<\/span><\/div>\n<div class=\"cooked-single-ingredient cooked-ingredient cooked-ing-no-checkbox\"><span class=\"cooked-ing-name\">Peper<\/span><\/div>\n<div class=\"cooked-single-ingredient cooked-ingredient cooked-ing-no-checkbox\"><span class=\"cooked-ing-name\">Zout<\/span><\/div>\n<div class=\"cooked-single-ingredient cooked-heading\">K\u00fcken Accessoires<\/div>\n<div class=\"cooked-single-ingredient cooked-ingredient cooked-ing-no-checkbox\"><span class=\"cooked-ing-name\">Mes accessoire<\/span><\/div>\n<div class=\"cooked-single-ingredient cooked-ingredient cooked-ing-no-checkbox\"><span class=\"cooked-ing-name\">Oplosmiddel accessoire<\/span><\/div>\n<div class=\"cooked-single-ingredient cooked-ingredient cooked-ing-no-checkbox\"><span class=\"cooked-ing-name\">Aandrijfas<\/span><\/div>\n<div class=\"cooked-single-ingredient cooked-ingredient cooked-ing-no-checkbox\"><span class=\"cooked-ing-name\">Kookmand<\/span><\/div>\n<div class=\"cooked-single-ingredient cooked-ingredient cooked-ing-no-checkbox\"><span class=\"cooked-ing-name\">Spatel<\/span><\/div>\n<\/div>\n<h3>Instructies<\/h3>\n<div class=\"cooked-recipe-directions\">\n<div class=\"cooked-single-direction cooked-heading\">Uitwerking<\/div>\n<div class=\"cooked-single-direction cooked-direction\" data-step=\"Paso 1\">\n<div class=\"cooked-dir-content\">\n<p>Eerst weken we de mosselen in water en zout, zodat ze de<br \/>\nAls ze nog vuil hebben, is 20 minuten genoeg.<\/p>\n<\/div>\n<\/div>\n<div class=\"cooked-single-direction cooked-direction\" data-step=\"Paso 2\">\n<div class=\"cooked-dir-content\">\n<p>Wij monteren de aandrijfas in onze K\u00fcken-robot samen met de kookmand.<\/p>\n<\/div>\n<\/div>\n<div class=\"cooked-single-direction cooked-direction\" data-step=\"Paso 3\">\n<div class=\"cooked-dir-content\">\n<p>Voeg 400 ml water toe aan de mengkom en de goed uitgelekte mosselen in de mand.<\/p>\n<\/div>\n<\/div>\n<div class=\"cooked-single-direction cooked-direction\" data-step=\"Paso 4\">\n<div class=\"cooked-dir-content\">\n<p>Kook op hoge stoomstand gedurende 10 minuten.<\/p>\n<\/div>\n<\/div>\n<div class=\"cooked-single-direction cooked-direction\" data-step=\"Paso 5\">\n<div class=\"cooked-dir-content\">\n<p>Schep de open mosselen in een kom en bewaar de bouillon uit het glas in een andere kom voor later gebruik.<\/p>\n<\/div>\n<\/div>\n<div class=\"cooked-single-direction cooked-direction\" data-step=\"Paso 6\">\n<div class=\"cooked-dir-content\">\n<p>Verwijder de korf en de aandrijfas en monteer het mesaccessoire. <\/p>\n<\/div>\n<\/div>\n<div class=\"cooked-single-direction cooked-direction\" data-step=\"Paso 7\">\n<div class=\"cooked-dir-content\">\n<p>Voeg 2 teentjes gepelde knoflook, 200 g gepelde en grof gehakte ui en een bosje peterselie, goed gewassen en gedroogd, toe.<\/p>\n<\/div>\n<\/div>\n<div class=\"cooked-single-direction cooked-direction\" data-step=\"Paso 8\">\n<div class=\"cooked-dir-content\">\n<p>Hak gedurende 10 seconden op snelheid 10.<\/p>\n<\/div>\n<\/div>\n<div class=\"cooked-single-direction cooked-direction\" data-step=\"Paso 9\">\n<div class=\"cooked-dir-content\">\n<p>Duw met behulp van de spatel de resten die eventueel aan de wand van het glas zijn blijven kleven naar de bodem.<\/p>\n<\/div>\n<\/div>\n<div class=\"cooked-single-direction cooked-direction\" data-step=\"Paso 10\">\n<div class=\"cooked-dir-content\">\n<p>We vervangen het mesaccessoire door het afzuigaccessoire.<\/p>\n<\/div>\n<\/div>\n<div class=\"cooked-single-direction cooked-direction\" data-step=\"Paso 11\">\n<div class=\"cooked-dir-content\">\n<p>Voeg 60 ml olijfolie, een theelepel paprikapoeder en zout en peper naar smaak toe.<\/p>\n<\/div>\n<\/div>\n<div class=\"cooked-single-direction cooked-direction\" data-step=\"Paso 12\">\n<div class=\"cooked-dir-content\">\n<p>Bak 15 minuten op 120\u00b0C en snelheid 1.<\/p>\n<\/div>\n<\/div>\n<div class=\"cooked-single-direction cooked-direction\" data-step=\"Paso 13\">\n<div class=\"cooked-dir-content\">\n<p>Voeg 800 g gekookte witte bonen toe, een scheutje witte wijn en de bouillon die we hadden gereserveerd van het openen van de mosselen.<\/p>\n<\/div>\n<\/div>\n<div class=\"cooked-single-direction cooked-direction\" data-step=\"Paso 14\">\n<div class=\"cooked-dir-content\">\n<p>Bak 10 minuten op 120\u00b0C en snelheid 1.<\/p>\n<\/div>\n<\/div>\n<div class=\"cooked-single-direction cooked-direction\" data-step=\"Paso 15\">\n<div class=\"cooked-dir-content\">\n<p>Voeg de mosselen toe en roer met een spatel zodat ze goed in de rest van de ingredi\u00ebnten worden opgenomen.<\/p>\n<\/div>\n<\/div>\n<\/div>","protected":false},"author":4,"featured_media":3045,"comment_status":"open","ping_status":"closed","template":"","recipe_category":[197],"class_list":["post-3044","cp_recipe","type-cp_recipe","status-publish","has-post-thumbnail","hentry","cp_recipe_category-segundos"],"yoast_head":"<!-- This site is optimized with the Yoast SEO Premium plugin v24.0 (Yoast SEO v25.3.1) - https:\/\/yoast.com\/wordpress\/plugins\/seo\/ -->\n<title>Fabes con almejas - Recetas K\u00fcken<\/title>\n<meta name=\"description\" content=\"La mejor receta de fabes con almejas m\u00e1s tradicional de la gastronom\u00eda asturiana. Un guiso muy apetecible para los d\u00edas fr\u00edos. Kuken.es\" \/>\n<meta name=\"robots\" content=\"index, follow, max-snippet:-1, max-image-preview:large, max-video-preview:-1\" \/>\n<link rel=\"canonical\" href=\"https:\/\/recetas.kuken.es\/nl\/recept\/fabes-met-clams\/\" \/>\n<meta property=\"og:locale\" content=\"nl_NL\" \/>\n<meta property=\"og:type\" content=\"article\" \/>\n<meta property=\"og:title\" content=\"Fabes con almejas\" \/>\n<meta property=\"og:description\" content=\"La mejor receta de fabes con almejas m\u00e1s tradicional de la gastronom\u00eda asturiana. Un guiso muy apetecible para los d\u00edas fr\u00edos. Kuken.es\" \/>\n<meta property=\"og:url\" content=\"https:\/\/recetas.kuken.es\/nl\/recept\/fabes-met-clams\/\" \/>\n<meta property=\"og:site_name\" content=\"Recetas K\u00fcken\" \/>\n<meta property=\"article:modified_time\" content=\"2023-06-30T09:35:43+00:00\" \/>\n<meta property=\"og:image\" content=\"https:\/\/recetas.kuken.es\/wp-content\/uploads\/fabes-con-almejas.jpg\" \/>\n\t<meta property=\"og:image:width\" content=\"480\" \/>\n\t<meta property=\"og:image:height\" content=\"658\" \/>\n\t<meta property=\"og:image:type\" content=\"image\/jpeg\" \/>\n<meta name=\"twitter:card\" content=\"summary_large_image\" \/>\n<meta name=\"twitter:label1\" content=\"Geschatte leestijd\" \/>\n\t<meta name=\"twitter:data1\" content=\"2 minuten\" \/>\n<script type=\"application\/ld+json\" class=\"yoast-schema-graph\">{\"@context\":\"https:\/\/schema.org\",\"@graph\":[{\"@type\":\"WebPage\",\"@id\":\"https:\/\/recetas.kuken.es\/receta\/fabes-con-almejas\/\",\"url\":\"https:\/\/recetas.kuken.es\/receta\/fabes-con-almejas\/\",\"name\":\"Fabes con almejas - Recetas K\u00fcken\",\"isPartOf\":{\"@id\":\"https:\/\/recetas.kuken.es\/fr\/#website\"},\"primaryImageOfPage\":{\"@id\":\"https:\/\/recetas.kuken.es\/receta\/fabes-con-almejas\/#primaryimage\"},\"image\":{\"@id\":\"https:\/\/recetas.kuken.es\/receta\/fabes-con-almejas\/#primaryimage\"},\"thumbnailUrl\":\"https:\/\/recetas.kuken.es\/wp-content\/uploads\/fabes-con-almejas.jpg\",\"datePublished\":\"2022-01-10T10:46:58+00:00\",\"dateModified\":\"2023-06-30T09:35:43+00:00\",\"description\":\"La mejor receta de fabes con almejas m\u00e1s tradicional de la gastronom\u00eda asturiana. Un guiso muy apetecible para los d\u00edas fr\u00edos. Kuken.es\",\"breadcrumb\":{\"@id\":\"https:\/\/recetas.kuken.es\/receta\/fabes-con-almejas\/#breadcrumb\"},\"inLanguage\":\"nl-NL\",\"potentialAction\":[{\"@type\":\"ReadAction\",\"target\":[\"https:\/\/recetas.kuken.es\/receta\/fabes-con-almejas\/\"]}]},{\"@type\":\"ImageObject\",\"inLanguage\":\"nl-NL\",\"@id\":\"https:\/\/recetas.kuken.es\/receta\/fabes-con-almejas\/#primaryimage\",\"url\":\"https:\/\/recetas.kuken.es\/wp-content\/uploads\/fabes-con-almejas.jpg\",\"contentUrl\":\"https:\/\/recetas.kuken.es\/wp-content\/uploads\/fabes-con-almejas.jpg\",\"width\":480,\"height\":658,\"caption\":\"Receta de fabes con almejas con robot de cocina\"},{\"@type\":\"BreadcrumbList\",\"@id\":\"https:\/\/recetas.kuken.es\/receta\/fabes-con-almejas\/#breadcrumb\",\"itemListElement\":[{\"@type\":\"ListItem\",\"position\":1,\"name\":\"Recepten\",\"item\":\"https:\/\/recetas.kuken.es\/nl\/receptarchief\/\"},{\"@type\":\"ListItem\",\"position\":2,\"name\":\"Fabes con almejas\"}]},{\"@type\":\"WebSite\",\"@id\":\"https:\/\/recetas.kuken.es\/fr\/#website\",\"url\":\"https:\/\/recetas.kuken.es\/fr\/\",\"name\":\"Recetas K\u00fcken\",\"description\":\"Amplia variedad de recetas para tu robot de cocina\",\"publisher\":{\"@id\":\"https:\/\/recetas.kuken.es\/fr\/#organization\"},\"potentialAction\":[{\"@type\":\"SearchAction\",\"target\":{\"@type\":\"EntryPoint\",\"urlTemplate\":\"https:\/\/recetas.kuken.es\/fr\/?s={search_term_string}\"},\"query-input\":{\"@type\":\"PropertyValueSpecification\",\"valueRequired\":true,\"valueName\":\"search_term_string\"}}],\"inLanguage\":\"nl-NL\"},{\"@type\":\"Organization\",\"@id\":\"https:\/\/recetas.kuken.es\/fr\/#organization\",\"name\":\"Alfa Dyser\",\"url\":\"https:\/\/recetas.kuken.es\/fr\/\",\"logo\":{\"@type\":\"ImageObject\",\"inLanguage\":\"nl-NL\",\"@id\":\"https:\/\/recetas.kuken.es\/fr\/#\/schema\/logo\/image\/\",\"url\":\"https:\/\/recetas.kuken.es\/wp-content\/uploads\/2020\/11\/cropped-kuken-1.png\",\"contentUrl\":\"https:\/\/recetas.kuken.es\/wp-content\/uploads\/2020\/11\/cropped-kuken-1.png\",\"width\":377,\"height\":94,\"caption\":\"Alfa Dyser\"},\"image\":{\"@id\":\"https:\/\/recetas.kuken.es\/fr\/#\/schema\/logo\/image\/\"}}]}<\/script>\n<!-- \/ Yoast SEO Premium plugin. -->","yoast_head_json":{"title":"Fabes con almejas - Recetas K\u00fcken","description":"La mejor receta de fabes con almejas m\u00e1s tradicional de la gastronom\u00eda asturiana. Un guiso muy apetecible para los d\u00edas fr\u00edos. Kuken.es","robots":{"index":"index","follow":"follow","max-snippet":"max-snippet:-1","max-image-preview":"max-image-preview:large","max-video-preview":"max-video-preview:-1"},"canonical":"https:\/\/recetas.kuken.es\/nl\/recept\/fabes-met-clams\/","og_locale":"nl_NL","og_type":"article","og_title":"Fabes con almejas","og_description":"La mejor receta de fabes con almejas m\u00e1s tradicional de la gastronom\u00eda asturiana. Un guiso muy apetecible para los d\u00edas fr\u00edos. Kuken.es","og_url":"https:\/\/recetas.kuken.es\/nl\/recept\/fabes-met-clams\/","og_site_name":"Recetas K\u00fcken","article_modified_time":"2023-06-30T09:35:43+00:00","og_image":[{"width":480,"height":658,"url":"https:\/\/recetas.kuken.es\/wp-content\/uploads\/fabes-con-almejas.jpg","type":"image\/jpeg"}],"twitter_card":"summary_large_image","twitter_misc":{"Geschatte leestijd":"2 minuten"},"schema":{"@context":"https:\/\/schema.org","@graph":[{"@type":"WebPage","@id":"https:\/\/recetas.kuken.es\/receta\/fabes-con-almejas\/","url":"https:\/\/recetas.kuken.es\/receta\/fabes-con-almejas\/","name":"Fabes con almejas - Recetas K\u00fcken","isPartOf":{"@id":"https:\/\/recetas.kuken.es\/fr\/#website"},"primaryImageOfPage":{"@id":"https:\/\/recetas.kuken.es\/receta\/fabes-con-almejas\/#primaryimage"},"image":{"@id":"https:\/\/recetas.kuken.es\/receta\/fabes-con-almejas\/#primaryimage"},"thumbnailUrl":"https:\/\/recetas.kuken.es\/wp-content\/uploads\/fabes-con-almejas.jpg","datePublished":"2022-01-10T10:46:58+00:00","dateModified":"2023-06-30T09:35:43+00:00","description":"La mejor receta de fabes con almejas m\u00e1s tradicional de la gastronom\u00eda asturiana. Un guiso muy apetecible para los d\u00edas fr\u00edos. Kuken.es","breadcrumb":{"@id":"https:\/\/recetas.kuken.es\/receta\/fabes-con-almejas\/#breadcrumb"},"inLanguage":"nl-NL","potentialAction":[{"@type":"ReadAction","target":["https:\/\/recetas.kuken.es\/receta\/fabes-con-almejas\/"]}]},{"@type":"ImageObject","inLanguage":"nl-NL","@id":"https:\/\/recetas.kuken.es\/receta\/fabes-con-almejas\/#primaryimage","url":"https:\/\/recetas.kuken.es\/wp-content\/uploads\/fabes-con-almejas.jpg","contentUrl":"https:\/\/recetas.kuken.es\/wp-content\/uploads\/fabes-con-almejas.jpg","width":480,"height":658,"caption":"Receta de fabes con almejas con robot de cocina"},{"@type":"BreadcrumbList","@id":"https:\/\/recetas.kuken.es\/receta\/fabes-con-almejas\/#breadcrumb","itemListElement":[{"@type":"ListItem","position":1,"name":"Recepten","item":"https:\/\/recetas.kuken.es\/nl\/receptarchief\/"},{"@type":"ListItem","position":2,"name":"Fabes con almejas"}]},{"@type":"WebSite","@id":"https:\/\/recetas.kuken.es\/fr\/#website","url":"https:\/\/recetas.kuken.es\/fr\/","name":"Recetas K\u00fcken","description":"Amplia variedad de recetas para tu robot de cocina","publisher":{"@id":"https:\/\/recetas.kuken.es\/fr\/#organization"},"potentialAction":[{"@type":"SearchAction","target":{"@type":"EntryPoint","urlTemplate":"https:\/\/recetas.kuken.es\/fr\/?s={search_term_string}"},"query-input":{"@type":"PropertyValueSpecification","valueRequired":true,"valueName":"search_term_string"}}],"inLanguage":"nl-NL"},{"@type":"Organization","@id":"https:\/\/recetas.kuken.es\/fr\/#organization","name":"Alfa Dyser","url":"https:\/\/recetas.kuken.es\/fr\/","logo":{"@type":"ImageObject","inLanguage":"nl-NL","@id":"https:\/\/recetas.kuken.es\/fr\/#\/schema\/logo\/image\/","url":"https:\/\/recetas.kuken.es\/wp-content\/uploads\/2020\/11\/cropped-kuken-1.png","contentUrl":"https:\/\/recetas.kuken.es\/wp-content\/uploads\/2020\/11\/cropped-kuken-1.png","width":377,"height":94,"caption":"Alfa Dyser"},"image":{"@id":"https:\/\/recetas.kuken.es\/fr\/#\/schema\/logo\/image\/"}}]}},"_links":{"self":[{"href":"https:\/\/recetas.kuken.es\/nl\/wp-json\/wp\/v2\/cooked_recipe\/3044","targetHints":{"allow":["GET"]}}],"collection":[{"href":"https:\/\/recetas.kuken.es\/nl\/wp-json\/wp\/v2\/cooked_recipe"}],"about":[{"href":"https:\/\/recetas.kuken.es\/nl\/wp-json\/wp\/v2\/types\/cp_recipe"}],"author":[{"embeddable":true,"href":"https:\/\/recetas.kuken.es\/nl\/wp-json\/wp\/v2\/users\/4"}],"replies":[{"embeddable":true,"href":"https:\/\/recetas.kuken.es\/nl\/wp-json\/wp\/v2\/comments?post=3044"}],"wp:featuredmedia":[{"embeddable":true,"href":"https:\/\/recetas.kuken.es\/nl\/wp-json\/wp\/v2\/media\/3045"}],"wp:attachment":[{"href":"https:\/\/recetas.kuken.es\/nl\/wp-json\/wp\/v2\/media?parent=3044"}],"wp:term":[{"taxonomy":"cp_recipe_category","embeddable":true,"href":"https:\/\/recetas.kuken.es\/nl\/wp-json\/wp\/v2\/recipe_category?post=3044"}],"curies":[{"name":"wp","href":"https:\/\/api.w.org\/{rel}","templated":true}]}}