{"id":2313,"date":"2020-11-27T18:22:00","date_gmt":"2020-11-27T17:22:00","guid":{"rendered":"https:\/\/recetas.kuken.es\/?page_id=2313"},"modified":"2020-12-01T10:32:12","modified_gmt":"2020-12-01T09:32:12","slug":"receitas-de-melhor-preco","status":"publish","type":"page","link":"https:\/\/recetas.kuken.es\/pt\/receitas-de-melhor-preco\/","title":{"rendered":"Receitas com a melhor classifica\u00e7\u00e3o"},"content":{"rendered":"<section class=\"cooked-recipe-search cooked-clearfix\"><form action=\"https:\/\/recetas.kuken.es\/pt\/receitas\/\" method=\"get\" data-trp-original-action=\"https:\/\/recetas.kuken.es\/pt\/receitas\/\"><input type=\"hidden\" name=\"page_id\" value=\"124\"><div class=\"cooked-fields-wrap cooked-1-search-fields\"><div class=\"cooked-field-wrap cooked-field-wrap-select\"><span class=\"cooked-browse-select\"><span class=\"cooked-field-title\">Navegar<\/span><span class=\"cooked-browse-select-block cooked-clearfix\"><span class=\"cooked-tax-column\"><span class=\"cooked-tax-column-title\">Categorias<\/span><div class=\"cooked-tax-scrollable\"><a href=\"https:\/\/recetas.kuken.es\/pt\/receitas\/categoria-de-receitas\/accompanimentos-primeiro\">Primeiros acompanhamentos<\/a><a href=\"https:\/\/recetas.kuken.es\/pt\/receitas\/categoria-de-receitas\/bebidas\">Bebidas<\/a><a href=\"https:\/\/recetas.kuken.es\/pt\/receitas\/categoria-de-receitas\/pequenos-almocos\">Caf\u00e9 da manh\u00e3<\/a><a href=\"https:\/\/recetas.kuken.es\/pt\/receitas\/categoria-de-receitas\/entradas-e-aperitivos\">Entradas e aperitivos<\/a><a href=\"https:\/\/recetas.kuken.es\/pt\/receitas\/categoria-de-receitas\/sobremesas\">Sobremesas<\/a><a href=\"https:\/\/recetas.kuken.es\/pt\/receitas\/categoria-de-receitas\/primeiro\">Primeiro<\/a><a href=\"https:\/\/recetas.kuken.es\/pt\/receitas\/categoria-de-receitas\/molhos-e-ingredientes-basicos\">Molhos e ingredientes base<\/a><a href=\"https:\/\/recetas.kuken.es\/pt\/receitas\/categoria-de-receitas\/segundos\">Prato principal<\/a><\/div><\/span><\/span><\/span><\/div><input aria-label=\"Encontre uma receita...\" class=\"cooked-browse-search\" type=\"text\" name=\"cooked_search_s\" value=\"\" placeholder=\"Encontre uma receita...\" \/><a aria-label=\"Pesquisa\" href=\"#\" class=\"cooked-browse-search-button\"><i class=\"cooked-icon cooked-icon-search\"><\/i><\/a><\/div><span class=\"cooked-sortby-wrap\"><select class=\"cooked-sortby-select\" name=\"cooked_browse_sort_by\"><option value=\"date_desc\">O mais recente primeiro<\/option><option value=\"date_asc\">Os mais antigos primeiro<\/option><option value=\"title_asc\">Por ordem alfab\u00e9tica (A-Z)<\/option><option value=\"title_desc\">Por ordem alfab\u00e9tica (Z-A)<\/option><option value=\"rating_desc\" selected>Mais alto<\/option><option value=\"rating_asc\">Classifica\u00e7\u00e3o mais baixa<\/option><\/select><\/span><input type=\"hidden\" name=\"trp-form-language\" value=\"pt\"\/><\/form><\/section><section id=\"cooked-recipe-list-1\" class=\"cooked-clearfix cooked-recipe-grid cooked-recipe-loader cooked-columns-3\"><article class=\"cooked-recipe has-post-thumbnail cooked-recipe-card cooked-recipe-card-modern-centered\"><a href=\"https:\/\/recetas.kuken.es\/pt\/receita\/receita-platinum-e-blueberry-ice-cream\/\" class=\"cooked-recipe-card-image\" style=\"background-image:url(https:\/\/recetas.kuken.es\/wp-content\/uploads\/2020\/12\/receta-helado-de-platano-y-arandanos-casero-480x525.jpg);\"><\/a><a href=\"https:\/\/recetas.kuken.es\/pt\/perfil\/\" class=\"cooked-favorite-heart\"><i class=\"cooked-icon cooked-icon-heart cooked-icon-fw\"><\/i><\/a><span class=\"cooked-recipe-card-content\"><span class=\"cooked-rating\" data-recipe-id=\"2670\"><span class=\"cooked-rating-stars cooked-user-rated cooked-rated-5.0\"><span data-rating-value=\"5\" class=\"cooked-rating-choice cooked-rating-star cooked-is-selected\"><i class=\"cooked-icon cooked-icon-star\"><\/i><\/span><span data-rating-value=\"4\" class=\"cooked-rating-choice cooked-rating-star\"><i class=\"cooked-icon cooked-icon-star\"><\/i><\/span><span data-rating-value=\"3\" class=\"cooked-rating-choice cooked-rating-star\"><i class=\"cooked-icon cooked-icon-star\"><\/i><\/span><span data-rating-value=\"2\" class=\"cooked-rating-choice cooked-rating-star\"><i class=\"cooked-icon cooked-icon-star\"><\/i><\/span><span data-rating-value=\"1\" class=\"cooked-rating-choice cooked-rating-star\"><i class=\"cooked-icon cooked-icon-star\"><\/i><\/span><\/span><\/span><a href=\"https:\/\/recetas.kuken.es\/pt\/receita\/receita-platinum-e-blueberry-ice-cream\/\" class=\"cooked-recipe-card-title\">Gelado de banana e mirtilo<\/a><span class=\"cooked-recipe-card-sep\"><\/span><span class=\"cooked-recipe-card-excerpt\">Ao preparar esta receita devemos ter em conta o tempo que as bananas t\u00eam de estar previamente no congelador, cerca de 5 horas.\r\n\r\nSe formos veganos, intolerantes \u00e0 lactose, ou simplesmente preferirmos, podemos substituir o leite frio por leite de coco ou qualquer outro tipo de bebida vegetal.\r\n\r\n Ao congelar as bananas \u00e9 importante cobri-las bem para que n\u00e3o apanhem sabores ou aromas de outros alimentos que temos no congelador. Podemos apresentar o nosso gelado com mirtilos ou bagas em cima. \r\n<\/span><\/span><\/article><article class=\"cooked-recipe has-post-thumbnail cooked-recipe-card cooked-recipe-card-modern-centered\"><a href=\"https:\/\/recetas.kuken.es\/pt\/receita\/bolinhos-de-carne-de-vitela-e-galinha\/\" class=\"cooked-recipe-card-image\" style=\"background-image:url(https:\/\/recetas.kuken.es\/wp-content\/uploads\/bolonesa-480x525.jpg);\"><\/a><a href=\"https:\/\/recetas.kuken.es\/pt\/perfil\/\" class=\"cooked-favorite-heart\"><i class=\"cooked-icon cooked-icon-heart cooked-icon-fw\"><\/i><\/a><span class=\"cooked-recipe-card-content\"><span class=\"cooked-rating\" data-recipe-id=\"2988\"><span class=\"cooked-rating-stars cooked-user-rated cooked-rated-5.0\"><span data-rating-value=\"5\" class=\"cooked-rating-choice cooked-rating-star cooked-is-selected\"><i class=\"cooked-icon cooked-icon-star\"><\/i><\/span><span data-rating-value=\"4\" class=\"cooked-rating-choice cooked-rating-star\"><i class=\"cooked-icon cooked-icon-star\"><\/i><\/span><span data-rating-value=\"3\" class=\"cooked-rating-choice cooked-rating-star\"><i class=\"cooked-icon cooked-icon-star\"><\/i><\/span><span data-rating-value=\"2\" class=\"cooked-rating-choice cooked-rating-star\"><i class=\"cooked-icon cooked-icon-star\"><\/i><\/span><span data-rating-value=\"1\" class=\"cooked-rating-choice cooked-rating-star\"><i class=\"cooked-icon cooked-icon-star\"><\/i><\/span><\/span><\/span><a href=\"https:\/\/recetas.kuken.es\/pt\/receita\/bolinhos-de-carne-de-vitela-e-galinha\/\" class=\"cooked-recipe-card-title\">Bovino e Frango \u00e0 Bolonhesa<\/a><span class=\"cooked-recipe-card-sep\"><\/span><span class=\"cooked-recipe-card-excerpt\">Para prepar\u00e1-lo usamos carne de vaca e frango, mas se preferirmos e dependendo dos nossos gostos, tamb\u00e9m podemos usar carne de porco, em combina\u00e7\u00e3o com os outros dois, com um deles ou apenas com este.<\/span><\/span><\/article><article class=\"cooked-recipe has-post-thumbnail cooked-recipe-card cooked-recipe-card-modern-centered\"><a href=\"https:\/\/recetas.kuken.es\/pt\/receita\/receita-for-potatoes-a-la-sevillana\/\" class=\"cooked-recipe-card-image\" style=\"background-image:url(https:\/\/recetas.kuken.es\/wp-content\/uploads\/2020\/12\/receta-patatas-a-la-sevillana-480x525.jpg);\"><\/a><a href=\"https:\/\/recetas.kuken.es\/pt\/perfil\/\" class=\"cooked-favorite-heart\"><i class=\"cooked-icon cooked-icon-heart cooked-icon-fw\"><\/i><\/a><span class=\"cooked-recipe-card-content\"><span class=\"cooked-rating\" data-recipe-id=\"2744\"><span class=\"cooked-rating-stars cooked-user-rated cooked-rated-5.0\"><span data-rating-value=\"5\" class=\"cooked-rating-choice cooked-rating-star cooked-is-selected\"><i class=\"cooked-icon cooked-icon-star\"><\/i><\/span><span data-rating-value=\"4\" class=\"cooked-rating-choice cooked-rating-star\"><i class=\"cooked-icon cooked-icon-star\"><\/i><\/span><span data-rating-value=\"3\" class=\"cooked-rating-choice cooked-rating-star\"><i class=\"cooked-icon cooked-icon-star\"><\/i><\/span><span data-rating-value=\"2\" class=\"cooked-rating-choice cooked-rating-star\"><i class=\"cooked-icon cooked-icon-star\"><\/i><\/span><span data-rating-value=\"1\" class=\"cooked-rating-choice cooked-rating-star\"><i class=\"cooked-icon cooked-icon-star\"><\/i><\/span><\/span><\/span><a href=\"https:\/\/recetas.kuken.es\/pt\/receita\/receita-for-potatoes-a-la-sevillana\/\" class=\"cooked-recipe-card-title\">Batatas \u00e0 sevilhana<\/a><span class=\"cooked-recipe-card-sep\"><\/span><span class=\"cooked-recipe-card-excerpt\">Ao preparar a maionese, se preferirmos, podemos substituir o vinagre pela mesma quantidade de suco de lim\u00e3o. E se quisermos dar \u00e0 nossa maionese um toque diferente, podemos acrescentar uma colher de mostarda. Com isto, vamos ter uma maionese mais saborosa. \u00c9 importante adicionar o \u00f3leo pouco a pouco atrav\u00e9s do orif\u00edcio de enchimento, desta forma evitaremos que ele seja cortado.\r\n\r\n\u00c9 tamb\u00e9m aconselh\u00e1vel que os ingredientes estejam \u00e0 mesma temperatura ao preparar a nossa maionese.\r\n\r\n<\/span><\/span><\/article><article class=\"cooked-recipe has-post-thumbnail cooked-recipe-card cooked-recipe-card-modern-centered\"><a href=\"https:\/\/recetas.kuken.es\/pt\/receita\/lacon-con-cachelos\/\" class=\"cooked-recipe-card-image\" style=\"background-image:url(https:\/\/recetas.kuken.es\/wp-content\/uploads\/lacon-con-patatas-480x525.jpg);\"><\/a><a href=\"https:\/\/recetas.kuken.es\/pt\/perfil\/\" class=\"cooked-favorite-heart\"><i class=\"cooked-icon cooked-icon-heart cooked-icon-fw\"><\/i><\/a><span class=\"cooked-recipe-card-content\"><span class=\"cooked-rating\" data-recipe-id=\"3050\"><span class=\"cooked-rating-stars cooked-user-rated cooked-rated-5.0\"><span data-rating-value=\"5\" class=\"cooked-rating-choice cooked-rating-star cooked-is-selected\"><i class=\"cooked-icon cooked-icon-star\"><\/i><\/span><span data-rating-value=\"4\" class=\"cooked-rating-choice cooked-rating-star\"><i class=\"cooked-icon cooked-icon-star\"><\/i><\/span><span data-rating-value=\"3\" class=\"cooked-rating-choice cooked-rating-star\"><i class=\"cooked-icon cooked-icon-star\"><\/i><\/span><span data-rating-value=\"2\" class=\"cooked-rating-choice cooked-rating-star\"><i class=\"cooked-icon cooked-icon-star\"><\/i><\/span><span data-rating-value=\"1\" class=\"cooked-rating-choice cooked-rating-star\"><i class=\"cooked-icon cooked-icon-star\"><\/i><\/span><\/span><\/span><a href=\"https:\/\/recetas.kuken.es\/pt\/receita\/lacon-con-cachelos\/\" class=\"cooked-recipe-card-title\">Lac\u00f3n con cachelos<\/a><span class=\"cooked-recipe-card-sep\"><\/span><span class=\"cooked-recipe-card-excerpt\">Um prato tradicional galego que se tornou muito popular no resto da Espanha.<\/span><\/span><\/article><article class=\"cooked-recipe has-post-thumbnail cooked-recipe-card cooked-recipe-card-modern-centered\"><a href=\"https:\/\/recetas.kuken.es\/pt\/receita\/receita-por-pedido-cartao-com-chickpeas\/\" class=\"cooked-recipe-card-image\" style=\"background-image:url(https:\/\/recetas.kuken.es\/wp-content\/uploads\/2020\/12\/receta-acelgas-con-garbanzos-480x525.jpg);\"><\/a><a href=\"https:\/\/recetas.kuken.es\/pt\/perfil\/\" class=\"cooked-favorite-heart\"><i class=\"cooked-icon cooked-icon-heart cooked-icon-fw\"><\/i><\/a><span class=\"cooked-recipe-card-content\"><span class=\"cooked-rating\" data-recipe-id=\"2520\"><span class=\"cooked-rating-stars cooked-user-rated cooked-rated-5.0\"><span data-rating-value=\"5\" class=\"cooked-rating-choice cooked-rating-star cooked-is-selected\"><i class=\"cooked-icon cooked-icon-star\"><\/i><\/span><span data-rating-value=\"4\" class=\"cooked-rating-choice cooked-rating-star\"><i class=\"cooked-icon cooked-icon-star\"><\/i><\/span><span data-rating-value=\"3\" class=\"cooked-rating-choice cooked-rating-star\"><i class=\"cooked-icon cooked-icon-star\"><\/i><\/span><span data-rating-value=\"2\" class=\"cooked-rating-choice cooked-rating-star\"><i class=\"cooked-icon cooked-icon-star\"><\/i><\/span><span data-rating-value=\"1\" class=\"cooked-rating-choice cooked-rating-star\"><i class=\"cooked-icon cooked-icon-star\"><\/i><\/span><\/span><\/span><a href=\"https:\/\/recetas.kuken.es\/pt\/receita\/receita-por-pedido-cartao-com-chickpeas\/\" class=\"cooked-recipe-card-title\">Receita de acelgas ao vapor com gr\u00e3o de bico<\/a><span class=\"cooked-recipe-card-sep\"><\/span><span class=\"cooked-recipe-card-excerpt\">Para preparar esta receita, partimos da base de ter previamente cozinhado gr\u00e3o-de-bico. Voc\u00ea pode usar gr\u00e3o-de-bico enlatado j\u00e1 cozinhado, mas recomendamos cozinh\u00e1-los em casa.\r\n\r\n E com o nosso rob\u00f4 K\u00fcken podemos fazer isso muito facilmente. Para cozinh\u00e1-los, antes de mais nada, colocamos o gr\u00e3o-de-bico de molho com um pouco de sal, pelo menos 8 horas antes de preparar a receita.\r\n\r\nDepois deste tempo e sem qualquer acess\u00f3rio dentro do nosso rob\u00f4, adicionamos 1 litro de \u00e1gua e o gr\u00e3o de bico.\r\nCozinhar durante 45 minutos a 120\u00ba e velocidade 1. Drene o gr\u00e3o de bico e eles est\u00e3o prontos para usar na nossa receita.\r\n\r\nNeste tipo de receitas que devemos alternar entre os diferentes acess\u00f3rios, devemos ter o cuidado de n\u00e3o nos queimarmos ou cortarmos ao manusear os acess\u00f3rios.<\/span><\/span><\/article><article class=\"cooked-recipe has-post-thumbnail cooked-recipe-card cooked-recipe-card-modern-centered\"><a href=\"https:\/\/recetas.kuken.es\/pt\/receita\/pao-integral-de-espelta\/\" class=\"cooked-recipe-card-image\" style=\"background-image:url(https:\/\/recetas.kuken.es\/wp-content\/uploads\/panespelta_480x658-480x525.jpg);\"><\/a><a href=\"https:\/\/recetas.kuken.es\/pt\/perfil\/\" class=\"cooked-favorite-heart\"><i class=\"cooked-icon cooked-icon-heart cooked-icon-fw\"><\/i><\/a><span class=\"cooked-recipe-card-content\"><span class=\"cooked-rating\" data-recipe-id=\"3052\"><span class=\"cooked-rating-stars cooked-user-rated cooked-rated-5.0\"><span data-rating-value=\"5\" class=\"cooked-rating-choice cooked-rating-star cooked-is-selected\"><i class=\"cooked-icon cooked-icon-star\"><\/i><\/span><span data-rating-value=\"4\" class=\"cooked-rating-choice cooked-rating-star\"><i class=\"cooked-icon cooked-icon-star\"><\/i><\/span><span data-rating-value=\"3\" class=\"cooked-rating-choice cooked-rating-star\"><i class=\"cooked-icon cooked-icon-star\"><\/i><\/span><span data-rating-value=\"2\" class=\"cooked-rating-choice cooked-rating-star\"><i class=\"cooked-icon cooked-icon-star\"><\/i><\/span><span data-rating-value=\"1\" class=\"cooked-rating-choice cooked-rating-star\"><i class=\"cooked-icon cooked-icon-star\"><\/i><\/span><\/span><\/span><a href=\"https:\/\/recetas.kuken.es\/pt\/receita\/pao-integral-de-espelta\/\" class=\"cooked-recipe-card-title\">P\u00e3o integral de espelta<\/a><span class=\"cooked-recipe-card-sep\"><\/span><span class=\"cooked-recipe-card-excerpt\">A farinha de espelta cont\u00e9m menos gl\u00faten, o que a torna um p\u00e3o saud\u00e1vel e irresist\u00edvel.<\/span><\/span><\/article><article class=\"cooked-recipe has-post-thumbnail cooked-recipe-card cooked-recipe-card-modern-centered\"><a href=\"https:\/\/recetas.kuken.es\/pt\/receita\/frango-e-brocolis-burgers\/\" class=\"cooked-recipe-card-image\" style=\"background-image:url(https:\/\/recetas.kuken.es\/wp-content\/uploads\/hamburguesa-de-pollo-y-brocoli-480x525.jpg);\"><\/a><a href=\"https:\/\/recetas.kuken.es\/pt\/perfil\/\" class=\"cooked-favorite-heart\"><i class=\"cooked-icon cooked-icon-heart cooked-icon-fw\"><\/i><\/a><span class=\"cooked-recipe-card-content\"><span class=\"cooked-rating\" data-recipe-id=\"3046\"><span class=\"cooked-rating-stars cooked-user-rated cooked-rated-5.0\"><span data-rating-value=\"5\" class=\"cooked-rating-choice cooked-rating-star cooked-is-selected\"><i class=\"cooked-icon cooked-icon-star\"><\/i><\/span><span data-rating-value=\"4\" class=\"cooked-rating-choice cooked-rating-star\"><i class=\"cooked-icon cooked-icon-star\"><\/i><\/span><span data-rating-value=\"3\" class=\"cooked-rating-choice cooked-rating-star\"><i class=\"cooked-icon cooked-icon-star\"><\/i><\/span><span data-rating-value=\"2\" class=\"cooked-rating-choice cooked-rating-star\"><i class=\"cooked-icon cooked-icon-star\"><\/i><\/span><span data-rating-value=\"1\" class=\"cooked-rating-choice cooked-rating-star\"><i class=\"cooked-icon cooked-icon-star\"><\/i><\/span><\/span><\/span><a href=\"https:\/\/recetas.kuken.es\/pt\/receita\/frango-e-brocolis-burgers\/\" class=\"cooked-recipe-card-title\">Hamb\u00fargueres de frango e de br\u00f3colos<\/a><span class=\"cooked-recipe-card-sep\"><\/span><span class=\"cooked-recipe-card-excerpt\">Hamb\u00fargueres saud\u00e1veis e deliciosos, n\u00e3o desista de comer saudavelmente e prepare em casa esta receita de hamb\u00fargueres de frango e br\u00f3colos.<\/span><\/span><\/article><article class=\"cooked-recipe has-post-thumbnail cooked-recipe-card cooked-recipe-card-modern-centered\"><a href=\"https:\/\/recetas.kuken.es\/pt\/receita\/massa-com-pasta-de-brocolis\/\" class=\"cooked-recipe-card-image\" style=\"background-image:url(https:\/\/recetas.kuken.es\/wp-content\/uploads\/2021\/03\/pesto-de-brocoli-480x525.jpg);\"><\/a><a href=\"https:\/\/recetas.kuken.es\/pt\/perfil\/\" class=\"cooked-favorite-heart\"><i class=\"cooked-icon cooked-icon-heart cooked-icon-fw\"><\/i><\/a><span class=\"cooked-recipe-card-content\"><span class=\"cooked-rating\" data-recipe-id=\"2908\"><span class=\"cooked-rating-stars cooked-user-rated cooked-rated-5.0\"><span data-rating-value=\"5\" class=\"cooked-rating-choice cooked-rating-star cooked-is-selected\"><i class=\"cooked-icon cooked-icon-star\"><\/i><\/span><span data-rating-value=\"4\" class=\"cooked-rating-choice cooked-rating-star\"><i class=\"cooked-icon cooked-icon-star\"><\/i><\/span><span data-rating-value=\"3\" class=\"cooked-rating-choice cooked-rating-star\"><i class=\"cooked-icon cooked-icon-star\"><\/i><\/span><span data-rating-value=\"2\" class=\"cooked-rating-choice cooked-rating-star\"><i class=\"cooked-icon cooked-icon-star\"><\/i><\/span><span data-rating-value=\"1\" class=\"cooked-rating-choice cooked-rating-star\"><i class=\"cooked-icon cooked-icon-star\"><\/i><\/span><\/span><\/span><a href=\"https:\/\/recetas.kuken.es\/pt\/receita\/massa-com-pasta-de-brocolis\/\" class=\"cooked-recipe-card-title\">Massas com br\u00f3colos pesto<\/a><span class=\"cooked-recipe-card-sep\"><\/span><span class=\"cooked-recipe-card-excerpt\">Para preparar esta receita podemos escolher o tipo de massa que preferimos, macarr\u00e3o, espiral, fitas. \u00c9 sempre melhor escolher uma massa integral, pois ela trar\u00e1 mais fibra \u00e0 nossa dieta.\r\n\r\nSe queremos que a nossa receita seja adequada para veganos, podemos eliminar o queijo parmes\u00e3o e escolher uma op\u00e7\u00e3o vegana que encontramos nas lojas, se n\u00e3o a adicionarmos nada acontece. Para preparar o pesto podemos adicionar algumas folhas de manjeric\u00e3o fresco e reservar algumas folhas tamb\u00e9m para guarnecer o prato ao servir.<\/span><\/span><\/article><article class=\"cooked-recipe has-post-thumbnail cooked-recipe-card cooked-recipe-card-modern-centered\"><a href=\"https:\/\/recetas.kuken.es\/pt\/receita\/falafel\/\" class=\"cooked-recipe-card-image\" style=\"background-image:url(https:\/\/recetas.kuken.es\/wp-content\/uploads\/2021\/03\/falafel-tradicional-480x525.jpg);\"><\/a><a href=\"https:\/\/recetas.kuken.es\/pt\/perfil\/\" class=\"cooked-favorite-heart\"><i class=\"cooked-icon cooked-icon-heart cooked-icon-fw\"><\/i><\/a><span class=\"cooked-recipe-card-content\"><span class=\"cooked-rating\" data-recipe-id=\"2923\"><span class=\"cooked-rating-stars cooked-user-rated cooked-rated-5.0\"><span data-rating-value=\"5\" class=\"cooked-rating-choice cooked-rating-star cooked-is-selected\"><i class=\"cooked-icon cooked-icon-star\"><\/i><\/span><span data-rating-value=\"4\" class=\"cooked-rating-choice cooked-rating-star\"><i class=\"cooked-icon cooked-icon-star\"><\/i><\/span><span data-rating-value=\"3\" class=\"cooked-rating-choice cooked-rating-star\"><i class=\"cooked-icon cooked-icon-star\"><\/i><\/span><span data-rating-value=\"2\" class=\"cooked-rating-choice cooked-rating-star\"><i class=\"cooked-icon cooked-icon-star\"><\/i><\/span><span data-rating-value=\"1\" class=\"cooked-rating-choice cooked-rating-star\"><i class=\"cooked-icon cooked-icon-star\"><\/i><\/span><\/span><\/span><a href=\"https:\/\/recetas.kuken.es\/pt\/receita\/falafel\/\" class=\"cooked-recipe-card-title\">Falafel<\/a><span class=\"cooked-recipe-card-sep\"><\/span><span class=\"cooked-recipe-card-excerpt\">Receita tradicional de falafel. Este prato \u00e9 origin\u00e1rio do M\u00e9dio Oriente e \u00e9 uma verdadeira iguaria, al\u00e9m de ser um prato saud\u00e1vel e uma fonte de prote\u00ednas vegetais. Prepare-a facilmente com o K\u00fcken TOUCH 9000 food processor.\u00a0<\/span><\/span><\/article><\/section><div class=\"cooked-pages-load-wrap cooked-load-more-scroll\"><span class=\"cooked-icon-loading-wrap\"><i class=\"cooked-icon cooked-icon-loading cooked-icon-spin\"><\/i><\/span><\/div>","protected":false},"excerpt":{"rendered":"","protected":false},"author":8,"featured_media":1900,"parent":0,"menu_order":0,"comment_status":"closed","ping_status":"closed","template":"","meta":{"footnotes":""},"class_list":["post-2313","page","type-page","status-publish","has-post-thumbnail","hentry"],"yoast_head":"<!-- This site is optimized with the Yoast SEO Premium plugin v24.0 (Yoast SEO v25.3.1) - https:\/\/yoast.com\/wordpress\/plugins\/seo\/ -->\n<title>Recetas mejor valoradas - Recetas K\u00fcken<\/title>\n<meta name=\"robots\" content=\"index, follow, max-snippet:-1, max-image-preview:large, max-video-preview:-1\" \/>\n<link rel=\"canonical\" href=\"https:\/\/recetas.kuken.es\/pt\/receitas-de-melhor-preco\/\" \/>\n<meta property=\"og:locale\" content=\"pt_PT\" \/>\n<meta property=\"og:type\" content=\"article\" \/>\n<meta property=\"og:title\" content=\"Recetas mejor valoradas - Recetas K\u00fcken\" \/>\n<meta property=\"og:url\" content=\"https:\/\/recetas.kuken.es\/pt\/receitas-de-melhor-preco\/\" \/>\n<meta property=\"og:site_name\" content=\"Recetas K\u00fcken\" \/>\n<meta property=\"article:modified_time\" content=\"2020-12-01T09:32:12+00:00\" \/>\n<meta property=\"og:image\" content=\"https:\/\/recetas.kuken.es\/wp-content\/uploads\/2015\/11\/0010647188x-565x849-1.jpg\" \/>\n\t<meta property=\"og:image:width\" content=\"565\" \/>\n\t<meta property=\"og:image:height\" content=\"848\" \/>\n\t<meta property=\"og:image:type\" content=\"image\/jpeg\" \/>\n<meta name=\"twitter:card\" content=\"summary_large_image\" \/>\n<script type=\"application\/ld+json\" class=\"yoast-schema-graph\">{\"@context\":\"https:\/\/schema.org\",\"@graph\":[{\"@type\":\"WebPage\",\"@id\":\"https:\/\/recetas.kuken.es\/recetas-mejor-valoradas\/\",\"url\":\"https:\/\/recetas.kuken.es\/recetas-mejor-valoradas\/\",\"name\":\"Recetas mejor valoradas - Recetas K\u00fcken\",\"isPartOf\":{\"@id\":\"https:\/\/recetas.kuken.es\/fr\/#website\"},\"primaryImageOfPage\":{\"@id\":\"https:\/\/recetas.kuken.es\/recetas-mejor-valoradas\/#primaryimage\"},\"image\":{\"@id\":\"https:\/\/recetas.kuken.es\/recetas-mejor-valoradas\/#primaryimage\"},\"thumbnailUrl\":\"https:\/\/recetas.kuken.es\/wp-content\/uploads\/2015\/11\/0010647188x-565x849-1.jpg\",\"datePublished\":\"2020-11-27T17:22:00+00:00\",\"dateModified\":\"2020-12-01T09:32:12+00:00\",\"inLanguage\":\"pt-PT\",\"potentialAction\":[{\"@type\":\"ReadAction\",\"target\":[\"https:\/\/recetas.kuken.es\/recetas-mejor-valoradas\/\"]}]},{\"@type\":\"ImageObject\",\"inLanguage\":\"pt-PT\",\"@id\":\"https:\/\/recetas.kuken.es\/recetas-mejor-valoradas\/#primaryimage\",\"url\":\"https:\/\/recetas.kuken.es\/wp-content\/uploads\/2015\/11\/0010647188x-565x849-1.jpg\",\"contentUrl\":\"https:\/\/recetas.kuken.es\/wp-content\/uploads\/2015\/11\/0010647188x-565x849-1.jpg\",\"width\":565,\"height\":848},{\"@type\":\"WebSite\",\"@id\":\"https:\/\/recetas.kuken.es\/fr\/#website\",\"url\":\"https:\/\/recetas.kuken.es\/fr\/\",\"name\":\"Recetas K\u00fcken\",\"description\":\"Amplia variedad de recetas para tu robot de cocina\",\"publisher\":{\"@id\":\"https:\/\/recetas.kuken.es\/fr\/#organization\"},\"potentialAction\":[{\"@type\":\"SearchAction\",\"target\":{\"@type\":\"EntryPoint\",\"urlTemplate\":\"https:\/\/recetas.kuken.es\/fr\/?s={search_term_string}\"},\"query-input\":{\"@type\":\"PropertyValueSpecification\",\"valueRequired\":true,\"valueName\":\"search_term_string\"}}],\"inLanguage\":\"pt-PT\"},{\"@type\":\"Organization\",\"@id\":\"https:\/\/recetas.kuken.es\/fr\/#organization\",\"name\":\"Alfa Dyser\",\"url\":\"https:\/\/recetas.kuken.es\/fr\/\",\"logo\":{\"@type\":\"ImageObject\",\"inLanguage\":\"pt-PT\",\"@id\":\"https:\/\/recetas.kuken.es\/fr\/#\/schema\/logo\/image\/\",\"url\":\"https:\/\/recetas.kuken.es\/wp-content\/uploads\/2020\/11\/cropped-kuken-1.png\",\"contentUrl\":\"https:\/\/recetas.kuken.es\/wp-content\/uploads\/2020\/11\/cropped-kuken-1.png\",\"width\":377,\"height\":94,\"caption\":\"Alfa Dyser\"},\"image\":{\"@id\":\"https:\/\/recetas.kuken.es\/fr\/#\/schema\/logo\/image\/\"}}]}<\/script>\n<!-- \/ Yoast SEO Premium plugin. -->","yoast_head_json":{"title":"Recetas mejor valoradas - Recetas K\u00fcken","robots":{"index":"index","follow":"follow","max-snippet":"max-snippet:-1","max-image-preview":"max-image-preview:large","max-video-preview":"max-video-preview:-1"},"canonical":"https:\/\/recetas.kuken.es\/pt\/receitas-de-melhor-preco\/","og_locale":"pt_PT","og_type":"article","og_title":"Recetas mejor valoradas - Recetas K\u00fcken","og_url":"https:\/\/recetas.kuken.es\/pt\/receitas-de-melhor-preco\/","og_site_name":"Recetas K\u00fcken","article_modified_time":"2020-12-01T09:32:12+00:00","og_image":[{"width":565,"height":848,"url":"https:\/\/recetas.kuken.es\/wp-content\/uploads\/2015\/11\/0010647188x-565x849-1.jpg","type":"image\/jpeg"}],"twitter_card":"summary_large_image","schema":{"@context":"https:\/\/schema.org","@graph":[{"@type":"WebPage","@id":"https:\/\/recetas.kuken.es\/recetas-mejor-valoradas\/","url":"https:\/\/recetas.kuken.es\/recetas-mejor-valoradas\/","name":"Recetas mejor valoradas - Recetas K\u00fcken","isPartOf":{"@id":"https:\/\/recetas.kuken.es\/fr\/#website"},"primaryImageOfPage":{"@id":"https:\/\/recetas.kuken.es\/recetas-mejor-valoradas\/#primaryimage"},"image":{"@id":"https:\/\/recetas.kuken.es\/recetas-mejor-valoradas\/#primaryimage"},"thumbnailUrl":"https:\/\/recetas.kuken.es\/wp-content\/uploads\/2015\/11\/0010647188x-565x849-1.jpg","datePublished":"2020-11-27T17:22:00+00:00","dateModified":"2020-12-01T09:32:12+00:00","inLanguage":"pt-PT","potentialAction":[{"@type":"ReadAction","target":["https:\/\/recetas.kuken.es\/recetas-mejor-valoradas\/"]}]},{"@type":"ImageObject","inLanguage":"pt-PT","@id":"https:\/\/recetas.kuken.es\/recetas-mejor-valoradas\/#primaryimage","url":"https:\/\/recetas.kuken.es\/wp-content\/uploads\/2015\/11\/0010647188x-565x849-1.jpg","contentUrl":"https:\/\/recetas.kuken.es\/wp-content\/uploads\/2015\/11\/0010647188x-565x849-1.jpg","width":565,"height":848},{"@type":"WebSite","@id":"https:\/\/recetas.kuken.es\/fr\/#website","url":"https:\/\/recetas.kuken.es\/fr\/","name":"Recetas K\u00fcken","description":"Amplia variedad de recetas para tu robot de cocina","publisher":{"@id":"https:\/\/recetas.kuken.es\/fr\/#organization"},"potentialAction":[{"@type":"SearchAction","target":{"@type":"EntryPoint","urlTemplate":"https:\/\/recetas.kuken.es\/fr\/?s={search_term_string}"},"query-input":{"@type":"PropertyValueSpecification","valueRequired":true,"valueName":"search_term_string"}}],"inLanguage":"pt-PT"},{"@type":"Organization","@id":"https:\/\/recetas.kuken.es\/fr\/#organization","name":"Alfa Dyser","url":"https:\/\/recetas.kuken.es\/fr\/","logo":{"@type":"ImageObject","inLanguage":"pt-PT","@id":"https:\/\/recetas.kuken.es\/fr\/#\/schema\/logo\/image\/","url":"https:\/\/recetas.kuken.es\/wp-content\/uploads\/2020\/11\/cropped-kuken-1.png","contentUrl":"https:\/\/recetas.kuken.es\/wp-content\/uploads\/2020\/11\/cropped-kuken-1.png","width":377,"height":94,"caption":"Alfa Dyser"},"image":{"@id":"https:\/\/recetas.kuken.es\/fr\/#\/schema\/logo\/image\/"}}]}},"_links":{"self":[{"href":"https:\/\/recetas.kuken.es\/pt\/wp-json\/wp\/v2\/pages\/2313","targetHints":{"allow":["GET"]}}],"collection":[{"href":"https:\/\/recetas.kuken.es\/pt\/wp-json\/wp\/v2\/pages"}],"about":[{"href":"https:\/\/recetas.kuken.es\/pt\/wp-json\/wp\/v2\/types\/page"}],"author":[{"embeddable":true,"href":"https:\/\/recetas.kuken.es\/pt\/wp-json\/wp\/v2\/users\/8"}],"replies":[{"embeddable":true,"href":"https:\/\/recetas.kuken.es\/pt\/wp-json\/wp\/v2\/comments?post=2313"}],"version-history":[{"count":0,"href":"https:\/\/recetas.kuken.es\/pt\/wp-json\/wp\/v2\/pages\/2313\/revisions"}],"wp:featuredmedia":[{"embeddable":true,"href":"https:\/\/recetas.kuken.es\/pt\/wp-json\/wp\/v2\/media\/1900"}],"wp:attachment":[{"href":"https:\/\/recetas.kuken.es\/pt\/wp-json\/wp\/v2\/media?parent=2313"}],"curies":[{"name":"wp","href":"https:\/\/api.w.org\/{rel}","templated":true}]}}